{"id":8,"date":"2017-12-22T20:51:30","date_gmt":"2017-12-22T20:51:30","guid":{"rendered":"https:\/\/2018.sanjose.wordcamp.org\/speakers\/"},"modified":"2018-05-23T14:45:59","modified_gmt":"2018-05-23T20:45:59","slug":"speakers","status":"publish","type":"page","link":"https:\/\/sanjose.wordcamp.org\/2018\/speakers\/","title":{"rendered":"Speakers"},"content":{"rendered":"\n\t<div class=\"wcorg-speakers\">\n\n\t\t\n\t\t\t<!-- Organizers note: The id attribute is deprecated and only remains for backwards compatibility, please use the corresponding class to target individual speakers -->\n\t\t\t<div id=\"wcorg-speaker-carlos-lopez\" class=\"wcorg-speaker wcorg-speaker-carlos-lopez wcorg-track-design-marketing\">\n\t\t\t\t<h2>\n\t\t\t\t\t\n\t\t\t\t\t\tCarlos L\u00f3pez\n\t\t\t\t\t\t\t\t\t<\/h2>\n\n\t\t\t\t<div class=\"wcorg-speaker-description\">\n\t\t\t\t\t<img alt='' src='https:\/\/secure.gravatar.com\/avatar\/c1b8ef59643f23de74cf6f39b0dd135c3ac03f3d6b98e990b3752ba9e30a56e2?s=100&#038;d=mm&#038;r=g' srcset='https:\/\/secure.gravatar.com\/avatar\/c1b8ef59643f23de74cf6f39b0dd135c3ac03f3d6b98e990b3752ba9e30a56e2?s=200&#038;d=mm&#038;r=g 2x' class='avatar avatar-100 photo' height='100' width='100' \/>\t\t\t\t\t<p class=\"gmail-m_6683058714880946330gmail-p2\"><span style=\"font-size: large\">Dise\u00f1ador digital<span class=\"gmail-m_6683058714880946330gmail-Apple-converted-space\">.<\/span><\/span><\/p>\n<p class=\"gmail-m_6683058714880946330gmail-p2\"><span style=\"font-size: large\">Carlos es una persona entusiasta y apasionado por lo que hace. <\/span> <a href=\"https:\/\/sanjose.wordcamp.org\/2018\/speaker\/carlos-lopez\/#more-2498\" class=\"more-link\"><span aria-label=\"Sigue leyendo Carlos L\u00f3pez\">(m\u00e1s&hellip;)<\/span><\/a><\/p>\n\t\t\t\t<\/div>\n\t\t\t<\/div>\n\n\t\t\n\t\t\t<!-- Organizers note: The id attribute is deprecated and only remains for backwards compatibility, please use the corresponding class to target individual speakers -->\n\t\t\t<div id=\"wcorg-speaker-jason-acuna\" class=\"wcorg-speaker wcorg-speaker-jason-acuna wcorg-track-developer-avanzado\">\n\t\t\t\t<h2>\n\t\t\t\t\t\n\t\t\t\t\t\tJason Acu\u00f1a\n\t\t\t\t\t\t\t\t\t<\/h2>\n\n\t\t\t\t<div class=\"wcorg-speaker-description\">\n\t\t\t\t\t<img alt='' src='https:\/\/secure.gravatar.com\/avatar\/6db59d7318ccbcc4d1be58a98479695c6bee09afc752070e92ebcd7f9724114e?s=100&#038;d=mm&#038;r=g' srcset='https:\/\/secure.gravatar.com\/avatar\/6db59d7318ccbcc4d1be58a98479695c6bee09afc752070e92ebcd7f9724114e?s=200&#038;d=mm&#038;r=g 2x' class='avatar avatar-100 photo' height='100' width='100' \/>\t\t\t\t\t<p>Co-founder Outer Space Coders, Speaker en diferentes actividades de Software Libre en Estados Unidos y Latinoam\u00e9rica, es un gran entusiasta del software libre, <a href=\"https:\/\/sanjose.wordcamp.org\/2018\/speaker\/jason-acuna\/#more-1892\" class=\"more-link\"><span aria-label=\"Sigue leyendo Jason Acu\u00f1a\">(m\u00e1s&hellip;)<\/span><\/a><\/p>\n\t\t\t\t<\/div>\n\t\t\t<\/div>\n\n\t\t\n\t\t\t<!-- Organizers note: The id attribute is deprecated and only remains for backwards compatibility, please use the corresponding class to target individual speakers -->\n\t\t\t<div id=\"wcorg-speaker-travis-lopes\" class=\"wcorg-speaker wcorg-speaker-travis-lopes wcorg-track-developer-avanzado\">\n\t\t\t\t<h2>\n\t\t\t\t\t\n\t\t\t\t\t\tTravis Lopes\n\t\t\t\t\t\t\t\t\t<\/h2>\n\n\t\t\t\t<div class=\"wcorg-speaker-description\">\n\t\t\t\t\t<img alt='' src='https:\/\/secure.gravatar.com\/avatar\/ad19a02ddf25081e0a94900a5437fcc788b4b4f542a49f654b7261dc1684f235?s=100&#038;d=mm&#038;r=g' srcset='https:\/\/secure.gravatar.com\/avatar\/ad19a02ddf25081e0a94900a5437fcc788b4b4f542a49f654b7261dc1684f235?s=200&#038;d=mm&#038;r=g 2x' class='avatar avatar-100 photo' height='100' width='100' \/>\t\t\t\t\t<p>Desarrollador de sitios y plugins de WordPress desde 2010; trabaja en Rocketgenius (Gravity Forms) creando extensiones para el plugin desde 2015.  <a href=\"https:\/\/sanjose.wordcamp.org\/2018\/speaker\/travis-lopes\/#more-1681\" class=\"more-link\"><span aria-label=\"Sigue leyendo Travis Lopes\">(m\u00e1s&hellip;)<\/span><\/a><\/p>\n\t\t\t\t<\/div>\n\t\t\t<\/div>\n\n\t\t\n\t\t\t<!-- Organizers note: The id attribute is deprecated and only remains for backwards compatibility, please use the corresponding class to target individual speakers -->\n\t\t\t<div id=\"wcorg-speaker-jose-gutierrez\" class=\"wcorg-speaker wcorg-speaker-jose-gutierrez wcorg-track-design-marketing\">\n\t\t\t\t<h2>\n\t\t\t\t\t\n\t\t\t\t\t\tJos\u00e9 Guti\u00e9rrez\n\t\t\t\t\t\t\t\t\t<\/h2>\n\n\t\t\t\t<div class=\"wcorg-speaker-description\">\n\t\t\t\t\t<img alt='' src='https:\/\/secure.gravatar.com\/avatar\/87d10d5bbbe6e90edc921c4b46c00297c285b2b52399598f8cfde224c44bba98?s=100&#038;d=mm&#038;r=g' srcset='https:\/\/secure.gravatar.com\/avatar\/87d10d5bbbe6e90edc921c4b46c00297c285b2b52399598f8cfde224c44bba98?s=200&#038;d=mm&#038;r=g 2x' class='avatar avatar-100 photo' height='100' width='100' \/>\t\t\t\t\t<p>Jos\u00e9 Guti\u00e9rrez le encanta tomar fotos, ver series y leer, pero algo que le apasiona es involucrarse con comunidades y aprender en el camino, por esto es Co-l\u00edder de UX Costa Rica <a href=\"https:\/\/sanjose.wordcamp.org\/2018\/speaker\/jose-gutierrez\/#more-1673\" class=\"more-link\"><span aria-label=\"Sigue leyendo Jos\u00e9 Guti\u00e9rrez\">(m\u00e1s&hellip;)<\/span><\/a><\/p>\n\t\t\t\t<\/div>\n\t\t\t<\/div>\n\n\t\t\n\t\t\t<!-- Organizers note: The id attribute is deprecated and only remains for backwards compatibility, please use the corresponding class to target individual speakers -->\n\t\t\t<div id=\"wcorg-speaker-javier-sanchez\" class=\"wcorg-speaker wcorg-speaker-javier-sanchez wcorg-track-developer-avanzado\">\n\t\t\t\t<h2>\n\t\t\t\t\t\n\t\t\t\t\t\tJavier S\u00e1nchez\n\t\t\t\t\t\t\t\t\t<\/h2>\n\n\t\t\t\t<div class=\"wcorg-speaker-description\">\n\t\t\t\t\t<img alt='' src='https:\/\/secure.gravatar.com\/avatar\/a3629cd79cd690c4386ef421d617c8412f248d9fbadbf96de96888ff1d539c0b?s=100&#038;d=mm&#038;r=g' srcset='https:\/\/secure.gravatar.com\/avatar\/a3629cd79cd690c4386ef421d617c8412f248d9fbadbf96de96888ff1d539c0b?s=200&#038;d=mm&#038;r=g 2x' class='avatar avatar-100 photo' height='100' width='100' \/>\t\t\t\t\t<p>Dise\u00f1ador y Front End. Tiene experiencia en varias tecnolog\u00edas como WordPress, Drupal, aplicaciones m\u00f3viles y desarrollo de video juegos. Trabajada con WordPress desde el 2014. <a href=\"https:\/\/sanjose.wordcamp.org\/2018\/speaker\/javier-sanchez\/#more-1731\" class=\"more-link\"><span aria-label=\"Sigue leyendo Javier S\u00e1nchez\">(m\u00e1s&hellip;)<\/span><\/a><\/p>\n\t\t\t\t<\/div>\n\t\t\t<\/div>\n\n\t\t\n\t\t\t<!-- Organizers note: The id attribute is deprecated and only remains for backwards compatibility, please use the corresponding class to target individual speakers -->\n\t\t\t<div id=\"wcorg-speaker-keren-ramirez\" class=\"wcorg-speaker wcorg-speaker-keren-ramirez\">\n\t\t\t\t<h2>\n\t\t\t\t\t\n\t\t\t\t\t\tKeren Ram\u00edrez\n\t\t\t\t\t\t\t\t\t<\/h2>\n\n\t\t\t\t<div class=\"wcorg-speaker-description\">\n\t\t\t\t\t<img alt='' src='https:\/\/secure.gravatar.com\/avatar\/36070b04f14939ca5e86514d9503cf36da8f971a46b16fa7b96c512f81a44e44?s=100&#038;d=mm&#038;r=g' srcset='https:\/\/secure.gravatar.com\/avatar\/36070b04f14939ca5e86514d9503cf36da8f971a46b16fa7b96c512f81a44e44?s=200&#038;d=mm&#038;r=g 2x' class='avatar avatar-100 photo' height='100' width='100' \/>\t\t\t\t\t<p>Ingeniera en Dise\u00f1o Industrial graduada del Tecnol\u00f3gico de Costa Rica, especializada en Dise\u00f1o de Experiencia de Usuario.  <a href=\"https:\/\/sanjose.wordcamp.org\/2018\/speaker\/keren-ramirez\/#more-3143\" class=\"more-link\"><span aria-label=\"Sigue leyendo Keren Ram\u00edrez\">(m\u00e1s&hellip;)<\/span><\/a><\/p>\n\t\t\t\t<\/div>\n\t\t\t<\/div>\n\n\t\t\n\t\t\t<!-- Organizers note: The id attribute is deprecated and only remains for backwards compatibility, please use the corresponding class to target individual speakers -->\n\t\t\t<div id=\"wcorg-speaker-rodolfo-montero\" class=\"wcorg-speaker wcorg-speaker-rodolfo-montero wcorg-track-basico-emprendedor\">\n\t\t\t\t<h2>\n\t\t\t\t\t\n\t\t\t\t\t\tRodolfo Montero\n\t\t\t\t\t\t\t\t\t<\/h2>\n\n\t\t\t\t<div class=\"wcorg-speaker-description\">\n\t\t\t\t\t<img alt='' src='https:\/\/secure.gravatar.com\/avatar\/e0f3cf7a56d5fabf5ed767685e02a4c68607a958633426401144e9d95d4fcbee?s=100&#038;d=mm&#038;r=g' srcset='https:\/\/secure.gravatar.com\/avatar\/e0f3cf7a56d5fabf5ed767685e02a4c68607a958633426401144e9d95d4fcbee?s=200&#038;d=mm&#038;r=g 2x' class='avatar avatar-100 photo' height='100' width='100' \/>\t\t\t\t\t<p>Master en Derechos Humanos y Profesor de la Universidad de Costa Rica. <\/p>\n\t\t\t\t<\/div>\n\t\t\t<\/div>\n\n\t\t\n\t\t\t<!-- Organizers note: The id attribute is deprecated and only remains for backwards compatibility, please use the corresponding class to target individual speakers -->\n\t\t\t<div id=\"wcorg-speaker-francisco-calderon\" class=\"wcorg-speaker wcorg-speaker-francisco-calderon wcorg-track-design-marketing\">\n\t\t\t\t<h2>\n\t\t\t\t\t\n\t\t\t\t\t\tFrancisco Calder\u00f3n\n\t\t\t\t\t\t\t\t\t<\/h2>\n\n\t\t\t\t<div class=\"wcorg-speaker-description\">\n\t\t\t\t\t<img alt='' src='https:\/\/secure.gravatar.com\/avatar\/9e2cda1a25d8af99683872304ee03b706a7d2aafd0e4f96d560920e99134d5de?s=100&#038;d=mm&#038;r=g' srcset='https:\/\/secure.gravatar.com\/avatar\/9e2cda1a25d8af99683872304ee03b706a7d2aafd0e4f96d560920e99134d5de?s=200&#038;d=mm&#038;r=g 2x' class='avatar avatar-100 photo' height='100' width='100' \/>\t\t\t\t\t<p>Desarrollador Full Stack, emprendedor y educador. Co-fundador de la comunidad de WordPress Guatemala, con 10 a\u00f1os de experiencia en Desarrollo Web y 8 a\u00f1os utilizando WordPress. <a href=\"https:\/\/sanjose.wordcamp.org\/2018\/speaker\/francisco-calderon\/#more-1784\" class=\"more-link\"><span aria-label=\"Sigue leyendo Francisco Calder\u00f3n\">(m\u00e1s&hellip;)<\/span><\/a><\/p>\n\t\t\t\t<\/div>\n\t\t\t<\/div>\n\n\t\t\n\t\t\t<!-- Organizers note: The id attribute is deprecated and only remains for backwards compatibility, please use the corresponding class to target individual speakers -->\n\t\t\t<div id=\"wcorg-speaker-elio-rivero\" class=\"wcorg-speaker wcorg-speaker-elio-rivero wcorg-track-developer-avanzado\">\n\t\t\t\t<h2>\n\t\t\t\t\t\n\t\t\t\t\t\tElio Rivero\n\t\t\t\t\t\t\t\t\t<\/h2>\n\n\t\t\t\t<div class=\"wcorg-speaker-description\">\n\t\t\t\t\t<img alt='' src='https:\/\/secure.gravatar.com\/avatar\/ebb0432bd024e3f7688fbee07fc0bde415382809640e507331badb733d61871c?s=100&#038;d=mm&#038;r=g' srcset='https:\/\/secure.gravatar.com\/avatar\/ebb0432bd024e3f7688fbee07fc0bde415382809640e507331badb733d61871c?s=200&#038;d=mm&#038;r=g 2x' class='avatar avatar-100 photo' height='100' width='100' \/>\t\t\t\t\t<p>Elio es programador, dise\u00f1ador y contribuidor al core de WordPress. Trabaja como Code Wrangler en Automattic en el plugin Jetpack para WordPress, principalmente en la interface de Jetpack <a href=\"https:\/\/sanjose.wordcamp.org\/2018\/speaker\/elio-rivero\/#more-1687\" class=\"more-link\"><span aria-label=\"Sigue leyendo Elio Rivero\">(m\u00e1s&hellip;)<\/span><\/a><\/p>\n\t\t\t\t<\/div>\n\t\t\t<\/div>\n\n\t\t\n\t\t\t<!-- Organizers note: The id attribute is deprecated and only remains for backwards compatibility, please use the corresponding class to target individual speakers -->\n\t\t\t<div id=\"wcorg-speaker-adriana-marquez\" class=\"wcorg-speaker wcorg-speaker-adriana-marquez wcorg-track-basico-emprendedor\">\n\t\t\t\t<h2>\n\t\t\t\t\t\n\t\t\t\t\t\tAdriana M\u00e1rquez\n\t\t\t\t\t\t\t\t\t<\/h2>\n\n\t\t\t\t<div class=\"wcorg-speaker-description\">\n\t\t\t\t\t<img alt='' src='https:\/\/secure.gravatar.com\/avatar\/4370be2d6f6b3a9d8dbf52558b2ff81210fab7fcf704e3dd5e14897f9abeeca6?s=100&#038;d=mm&#038;r=g' srcset='https:\/\/secure.gravatar.com\/avatar\/4370be2d6f6b3a9d8dbf52558b2ff81210fab7fcf704e3dd5e14897f9abeeca6?s=200&#038;d=mm&#038;r=g 2x' class='avatar avatar-100 photo' height='100' width='100' \/>\t\t\t\t\t<p>Mercad\u00f3loga apasionada por la vida. Ama los retos y la innovaci\u00f3n, le encanta aprender cosas nuevas. Llena de energ\u00eda, creatividad y compromiso.  <a href=\"https:\/\/sanjose.wordcamp.org\/2018\/speaker\/adriana-marquez\/#more-2066\" class=\"more-link\"><span aria-label=\"Sigue leyendo Adriana M\u00e1rquez\">(m\u00e1s&hellip;)<\/span><\/a><\/p>\n\t\t\t\t<\/div>\n\t\t\t<\/div>\n\n\t\t\n\t\t\t<!-- Organizers note: The id attribute is deprecated and only remains for backwards compatibility, please use the corresponding class to target individual speakers -->\n\t\t\t<div id=\"wcorg-speaker-damian-suarez\" class=\"wcorg-speaker wcorg-speaker-damian-suarez wcorg-track-developer-avanzado\">\n\t\t\t\t<h2>\n\t\t\t\t\t\n\t\t\t\t\t\tDami\u00e1n Su\u00e1rez\n\t\t\t\t\t\t\t\t\t<\/h2>\n\n\t\t\t\t<div class=\"wcorg-speaker-description\">\n\t\t\t\t\t<img alt='' src='https:\/\/secure.gravatar.com\/avatar\/9ff3405a86b8178158b444dc6b44fc3ef321c9641b6d95a769956e7b50c26909?s=100&#038;d=mm&#038;r=g' srcset='https:\/\/secure.gravatar.com\/avatar\/9ff3405a86b8178158b444dc6b44fc3ef321c9641b6d95a769956e7b50c26909?s=200&#038;d=mm&#038;r=g 2x' class='avatar avatar-100 photo' height='100' width='100' \/>\t\t\t\t\t<p>Bajo el pseud\u00f3nimo de retrofox, es programador y desarrollador web. Code Wrangler en Automattic comprometido principalmente en los proyectos de Calipso y la librer\u00eda wpcom.js. <a href=\"https:\/\/sanjose.wordcamp.org\/2018\/speaker\/damian-suarez\/#more-2526\" class=\"more-link\"><span aria-label=\"Sigue leyendo Dami\u00e1n Su\u00e1rez\">(m\u00e1s&hellip;)<\/span><\/a><\/p>\n\t\t\t\t<\/div>\n\t\t\t<\/div>\n\n\t\t\n\t\t\t<!-- Organizers note: The id attribute is deprecated and only remains for backwards compatibility, please use the corresponding class to target individual speakers -->\n\t\t\t<div id=\"wcorg-speaker-jose-ramon-padron\" class=\"wcorg-speaker wcorg-speaker-jose-ramon-padron wcorg-track-basico-emprendedor\">\n\t\t\t\t<h2>\n\t\t\t\t\t\n\t\t\t\t\t\tJose Ramon Padr\u00f3n\n\t\t\t\t\t\t\t\t\t<\/h2>\n\n\t\t\t\t<div class=\"wcorg-speaker-description\">\n\t\t\t\t\t<img alt='' src='https:\/\/secure.gravatar.com\/avatar\/b96138f8f41a63ffc23173ab3faa5e53ee0c39328a8fee3dcaa964d6c2bf6138?s=100&#038;d=mm&#038;r=g' srcset='https:\/\/secure.gravatar.com\/avatar\/b96138f8f41a63ffc23173ab3faa5e53ee0c39328a8fee3dcaa964d6c2bf6138?s=200&#038;d=mm&#038;r=g 2x' class='avatar avatar-100 photo' height='100' width='100' \/>\t\t\t\t\t<p>Es un apasionado de la atenci\u00f3n al cliente y las ventas centrado en los sectores del hosting y open source en Espa\u00f1a y LatAm desde hace 17 a\u00f1os. <a href=\"https:\/\/sanjose.wordcamp.org\/2018\/speaker\/jose-ramon-padron\/#more-1679\" class=\"more-link\"><span aria-label=\"Sigue leyendo Jose Ramon Padr\u00f3n\">(m\u00e1s&hellip;)<\/span><\/a><\/p>\n\t\t\t\t<\/div>\n\t\t\t<\/div>\n\n\t\t\n\t\t\t<!-- Organizers note: The id attribute is deprecated and only remains for backwards compatibility, please use the corresponding class to target individual speakers -->\n\t\t\t<div id=\"wcorg-speaker-sharon-munoz\" class=\"wcorg-speaker wcorg-speaker-sharon-munoz wcorg-track-design-marketing\">\n\t\t\t\t<h2>\n\t\t\t\t\t\n\t\t\t\t\t\tSharon Mu\u00f1oz\n\t\t\t\t\t\t\t\t\t<\/h2>\n\n\t\t\t\t<div class=\"wcorg-speaker-description\">\n\t\t\t\t\t<img alt='' src='https:\/\/secure.gravatar.com\/avatar\/5e23c62e5f9c8ec1fea5f3226917239474778f45c4f11361abedf8bcbefe17c1?s=100&#038;d=mm&#038;r=g' srcset='https:\/\/secure.gravatar.com\/avatar\/5e23c62e5f9c8ec1fea5f3226917239474778f45c4f11361abedf8bcbefe17c1?s=200&#038;d=mm&#038;r=g 2x' class='avatar avatar-100 photo' height='100' width='100' \/>\t\t\t\t\t<p>Estudi\u00f3 Ingenier\u00eda en Dise\u00f1o Industrial en el Tecnol\u00f3gico de Costa Rica. Tiene cuatro a\u00f1os de experiencia laboral, trabajando como consultora de dise\u00f1o para organizaciones p\u00fablicas y privadas. <a href=\"https:\/\/sanjose.wordcamp.org\/2018\/speaker\/sharon-munoz\/#more-2094\" class=\"more-link\"><span aria-label=\"Sigue leyendo Sharon Mu\u00f1oz\">(m\u00e1s&hellip;)<\/span><\/a><\/p>\n\t\t\t\t<\/div>\n\t\t\t<\/div>\n\n\t\t\n\t\t\t<!-- Organizers note: The id attribute is deprecated and only remains for backwards compatibility, please use the corresponding class to target individual speakers -->\n\t\t\t<div id=\"wcorg-speaker-emilio-calderon\" class=\"wcorg-speaker wcorg-speaker-emilio-calderon wcorg-track-developer-avanzado\">\n\t\t\t\t<h2>\n\t\t\t\t\t\n\t\t\t\t\t\tEmilio Calder\u00f3n\n\t\t\t\t\t\t\t\t\t<\/h2>\n\n\t\t\t\t<div class=\"wcorg-speaker-description\">\n\t\t\t\t\t<img alt='' src='https:\/\/secure.gravatar.com\/avatar\/27d706639e458dd8099856c85866c7d62766ee60fea591f11828caa9672132fe?s=100&#038;d=mm&#038;r=g' srcset='https:\/\/secure.gravatar.com\/avatar\/27d706639e458dd8099856c85866c7d62766ee60fea591f11828caa9672132fe?s=200&#038;d=mm&#038;r=g 2x' class='avatar avatar-100 photo' height='100' width='100' \/>\t\t\t\t\t<p>Dise\u00f1ador y Desarrollador Web egresado del CETAV. Desde peque\u00f1o siempre se interes\u00f3 en la tecnolog\u00eda y gracias a su padre, \u00a0se involucr\u00f3 en conocer m\u00e1s sobre las nuevas tecnolog\u00edas.  <a href=\"https:\/\/sanjose.wordcamp.org\/2018\/speaker\/emilio-calderon\/#more-1710\" class=\"more-link\"><span aria-label=\"Sigue leyendo Emilio Calder\u00f3n\">(m\u00e1s&hellip;)<\/span><\/a><\/p>\n\t\t\t\t<\/div>\n\t\t\t<\/div>\n\n\t\t\n\t\t\t<!-- Organizers note: The id attribute is deprecated and only remains for backwards compatibility, please use the corresponding class to target individual speakers -->\n\t\t\t<div id=\"wcorg-speaker-diego-ramos\" class=\"wcorg-speaker wcorg-speaker-diego-ramos wcorg-track-design-marketing\">\n\t\t\t\t<h2>\n\t\t\t\t\t\n\t\t\t\t\t\tDiego Ramos\n\t\t\t\t\t\t\t\t\t<\/h2>\n\n\t\t\t\t<div class=\"wcorg-speaker-description\">\n\t\t\t\t\t<img alt='' src='https:\/\/secure.gravatar.com\/avatar\/07f1e79564d2f8cdff1095baa29ddefaf2161d4a320b507986acc56c7478d511?s=100&#038;d=mm&#038;r=g' srcset='https:\/\/secure.gravatar.com\/avatar\/07f1e79564d2f8cdff1095baa29ddefaf2161d4a320b507986acc56c7478d511?s=200&#038;d=mm&#038;r=g 2x' class='avatar avatar-100 photo' height='100' width='100' \/>\t\t\t\t\t<p>Especialista en Psicoantropolog\u00eda del Consumo, Neuromarketing y Marketing Digital. Con m\u00e1s de 11 a\u00f1os de experiencia en la industria del Mercadeo. <a href=\"https:\/\/sanjose.wordcamp.org\/2018\/speaker\/diego-ramos\/#more-2495\" class=\"more-link\"><span aria-label=\"Sigue leyendo Diego Ramos\">(m\u00e1s&hellip;)<\/span><\/a><\/p>\n\t\t\t\t<\/div>\n\t\t\t<\/div>\n\n\t\t\n\t\t\t<!-- Organizers note: The id attribute is deprecated and only remains for backwards compatibility, please use the corresponding class to target individual speakers -->\n\t\t\t<div id=\"wcorg-speaker-anthony-phillips\" class=\"wcorg-speaker wcorg-speaker-anthony-phillips wcorg-track-basico-emprendedor\">\n\t\t\t\t<h2>\n\t\t\t\t\t\n\t\t\t\t\t\tAnthony Phillips\n\t\t\t\t\t\t\t\t\t<\/h2>\n\n\t\t\t\t<div class=\"wcorg-speaker-description\">\n\t\t\t\t\t<img alt='' src='https:\/\/secure.gravatar.com\/avatar\/acf26f54ae35cc77050975fc60a15320412c1ff10f15974cf78f64f07eb604f3?s=100&#038;d=mm&#038;r=g' srcset='https:\/\/secure.gravatar.com\/avatar\/acf26f54ae35cc77050975fc60a15320412c1ff10f15974cf78f64f07eb604f3?s=200&#038;d=mm&#038;r=g 2x' class='avatar avatar-100 photo' height='100' width='100' \/>\t\t\t\t\t<p>PHP developer. Graduado en la Universidad de Costa Rica. Pasatiempos: Travel\/Tourism, finance, online poker, pharma, media and publishing, free software. <a href=\"https:\/\/sanjose.wordcamp.org\/2018\/speaker\/anthony-phillips\/#more-1895\" class=\"more-link\"><span aria-label=\"Sigue leyendo Anthony Phillips\">(m\u00e1s&hellip;)<\/span><\/a><\/p>\n\t\t\t\t<\/div>\n\t\t\t<\/div>\n\n\t\t\n\t\t\t<!-- Organizers note: The id attribute is deprecated and only remains for backwards compatibility, please use the corresponding class to target individual speakers -->\n\t\t\t<div id=\"wcorg-speaker-enrique-ottone\" class=\"wcorg-speaker wcorg-speaker-enrique-ottone wcorg-track-design-marketing\">\n\t\t\t\t<h2>\n\t\t\t\t\t\n\t\t\t\t\t\tEnrique Ottone\n\t\t\t\t\t\t\t\t\t<\/h2>\n\n\t\t\t\t<div class=\"wcorg-speaker-description\">\n\t\t\t\t\t<img alt='' src='https:\/\/secure.gravatar.com\/avatar\/7d7b42baeaa456bf195d7331964ded2ab6133391d4529b2a949f64b669c7b345?s=100&#038;d=mm&#038;r=g' srcset='https:\/\/secure.gravatar.com\/avatar\/7d7b42baeaa456bf195d7331964ded2ab6133391d4529b2a949f64b669c7b345?s=200&#038;d=mm&#038;r=g 2x' class='avatar avatar-100 photo' height='100' width='100' \/>\t\t\t\t\t<p>Enrique es un profesional creativo con m\u00e1s de 15 a\u00f1os de experiencia internacional en Dise\u00f1o de interacci\u00f3n, Experiencia del usuario, Comunicaci\u00f3n visual, Marketing digital y Gesti\u00f3n del equipo creativo. <a href=\"https:\/\/sanjose.wordcamp.org\/2018\/speaker\/enrique-ottone\/#more-2121\" class=\"more-link\"><span aria-label=\"Sigue leyendo Enrique Ottone\">(m\u00e1s&hellip;)<\/span><\/a><\/p>\n\t\t\t\t<\/div>\n\t\t\t<\/div>\n\n\t\t\n\t\t\t<!-- Organizers note: The id attribute is deprecated and only remains for backwards compatibility, please use the corresponding class to target individual speakers -->\n\t\t\t<div id=\"wcorg-speaker-keylor-mendoza-aguirre\" class=\"wcorg-speaker wcorg-speaker-keylor-mendoza-aguirre wcorg-track-developer-avanzado\">\n\t\t\t\t<h2>\n\t\t\t\t\t\n\t\t\t\t\t\tKeylor Mendoza Aguirre\n\t\t\t\t\t\t\t\t\t<\/h2>\n\n\t\t\t\t<div class=\"wcorg-speaker-description\">\n\t\t\t\t\t<img alt='' src='https:\/\/secure.gravatar.com\/avatar\/7ac79fa5bb55b1726191b1bdf28bff4b2fbaae7db4939bf8045e692d386f6d54?s=100&#038;d=mm&#038;r=g' srcset='https:\/\/secure.gravatar.com\/avatar\/7ac79fa5bb55b1726191b1bdf28bff4b2fbaae7db4939bf8045e692d386f6d54?s=200&#038;d=mm&#038;r=g 2x' class='avatar avatar-100 photo' height='100' width='100' \/>\t\t\t\t\t<p>Desarrollador WordPress con m\u00e1s de 4 a\u00f1os de experiencia creando temas y plugins. Amante de WooCommerce y siempre dispuesto a descubrir y compartir nuevos conocimientos relacionados a ambos.  <a href=\"https:\/\/sanjose.wordcamp.org\/2018\/speaker\/keylor-mendoza-aguirre\/#more-1723\" class=\"more-link\"><span aria-label=\"Sigue leyendo Keylor Mendoza Aguirre\">(m\u00e1s&hellip;)<\/span><\/a><\/p>\n\t\t\t\t<\/div>\n\t\t\t<\/div>\n\n\t\t\n\t\t\t<!-- Organizers note: The id attribute is deprecated and only remains for backwards compatibility, please use the corresponding class to target individual speakers -->\n\t\t\t<div id=\"wcorg-speaker-danny-mora\" class=\"wcorg-speaker wcorg-speaker-danny-mora wcorg-track-developer-avanzado\">\n\t\t\t\t<h2>\n\t\t\t\t\t\n\t\t\t\t\t\tDanny Mora\n\t\t\t\t\t\t\t\t\t<\/h2>\n\n\t\t\t\t<div class=\"wcorg-speaker-description\">\n\t\t\t\t\t<img alt='' src='https:\/\/secure.gravatar.com\/avatar\/6453b2444bf8e401ba3129cb2a6f9d6180208905b406451fed61474f99042050?s=100&#038;d=mm&#038;r=g' srcset='https:\/\/secure.gravatar.com\/avatar\/6453b2444bf8e401ba3129cb2a6f9d6180208905b406451fed61474f99042050?s=200&#038;d=mm&#038;r=g 2x' class='avatar avatar-100 photo' height='100' width='100' \/>\t\t\t\t\t<p>Danny Mora, desarrollador web y emprendedor. Ha trabajado en gran cantidad de proyectos personales y para clientes externos, con m\u00e1s de 7 a\u00f1os de experiencia. <a href=\"https:\/\/sanjose.wordcamp.org\/2018\/speaker\/danny-mora\/#more-1677\" class=\"more-link\"><span aria-label=\"Sigue leyendo Danny Mora\">(m\u00e1s&hellip;)<\/span><\/a><\/p>\n\t\t\t\t<\/div>\n\t\t\t<\/div>\n\n\t\t\n\t\t\t<!-- Organizers note: The id attribute is deprecated and only remains for backwards compatibility, please use the corresponding class to target individual speakers -->\n\t\t\t<div id=\"wcorg-speaker-ronald-aguilar\" class=\"wcorg-speaker wcorg-speaker-ronald-aguilar wcorg-track-developer-avanzado\">\n\t\t\t\t<h2>\n\t\t\t\t\t\n\t\t\t\t\t\tRonald Aguilar\n\t\t\t\t\t\t\t\t\t<\/h2>\n\n\t\t\t\t<div class=\"wcorg-speaker-description\">\n\t\t\t\t\t<img alt='' src='https:\/\/secure.gravatar.com\/avatar\/7a2ed11e67dd7fa585164721d48666b252ae3e481464132904a97f30bb5d4137?s=100&#038;d=mm&#038;r=g' srcset='https:\/\/secure.gravatar.com\/avatar\/7a2ed11e67dd7fa585164721d48666b252ae3e481464132904a97f30bb5d4137?s=200&#038;d=mm&#038;r=g 2x' class='avatar avatar-100 photo' height='100' width='100' \/>\t\t\t\t\t<p>Ronald es un l\u00edder t\u00e9cnico y desarrollador web que se enamor\u00f3 de las plataformas open source y sus comunidades. Trabajando con WordPress y Drupal por m\u00e1s de 8 a\u00f1os y contando <a href=\"https:\/\/sanjose.wordcamp.org\/2018\/speaker\/ronald-aguilar\/#more-1903\" class=\"more-link\"><span aria-label=\"Sigue leyendo Ronald Aguilar\">(m\u00e1s&hellip;)<\/span><\/a><\/p>\n\t\t\t\t<\/div>\n\t\t\t<\/div>\n\n\t\t\n\t\t\t<!-- Organizers note: The id attribute is deprecated and only remains for backwards compatibility, please use the corresponding class to target individual speakers -->\n\t\t\t<div id=\"wcorg-speaker-cledy-ulate-medrano\" class=\"wcorg-speaker wcorg-speaker-cledy-ulate-medrano wcorg-track-design-marketing\">\n\t\t\t\t<h2>\n\t\t\t\t\t\n\t\t\t\t\t\tCledy Ulate Medrano\n\t\t\t\t\t\t\t\t\t<\/h2>\n\n\t\t\t\t<div class=\"wcorg-speaker-description\">\n\t\t\t\t\t<img alt='' src='https:\/\/secure.gravatar.com\/avatar\/3574d2c9c5cee84e7c7cb94de81f3c4b2e00304b0587026d16f7271126929e84?s=100&#038;d=mm&#038;r=g' srcset='https:\/\/secure.gravatar.com\/avatar\/3574d2c9c5cee84e7c7cb94de81f3c4b2e00304b0587026d16f7271126929e84?s=200&#038;d=mm&#038;r=g 2x' class='avatar avatar-100 photo' height='100' width='100' \/>\t\t\t\t\t<p>L\u00edder t\u00e9cnica y full stack developer; amante del desarrollo web y de las tecnolog\u00edas. Tiene m\u00e1s de 9 a\u00f1os en la industria del desarrollo. Actualmente se desempe\u00f1a como Tech Lead en Accenture <a href=\"https:\/\/sanjose.wordcamp.org\/2018\/speaker\/cledy-ulate-medrano\/#more-2136\" class=\"more-link\"><span aria-label=\"Sigue leyendo Cledy Ulate Medrano\">(m\u00e1s&hellip;)<\/span><\/a><\/p>\n\t\t\t\t<\/div>\n\t\t\t<\/div>\n\n\t\t\n\t\t\t<!-- Organizers note: The id attribute is deprecated and only remains for backwards compatibility, please use the corresponding class to target individual speakers -->\n\t\t\t<div id=\"wcorg-speaker-mariana-lopez\" class=\"wcorg-speaker wcorg-speaker-mariana-lopez wcorg-track-design-marketing\">\n\t\t\t\t<h2>\n\t\t\t\t\t\n\t\t\t\t\t\tMariana L\u00f3pez\n\t\t\t\t\t\t\t\t\t<\/h2>\n\n\t\t\t\t<div class=\"wcorg-speaker-description\">\n\t\t\t\t\t<img alt='' src='https:\/\/secure.gravatar.com\/avatar\/19fef80ada791176db64e7838ecac74db00919c9b86a8bc1ba34cf793de43678?s=100&#038;d=mm&#038;r=g' srcset='https:\/\/secure.gravatar.com\/avatar\/19fef80ada791176db64e7838ecac74db00919c9b86a8bc1ba34cf793de43678?s=200&#038;d=mm&#038;r=g 2x' class='avatar avatar-100 photo' height='100' width='100' \/>\t\t\t\t\t<p>Directora de Product en Usabili.me, dise\u00f1adora de experiencias que ha dedicado su carrera a trabajar con equipos que dise\u00f1an, construyen y prueban productos utilizando un enfoque centrado en el usuario. <a href=\"https:\/\/sanjose.wordcamp.org\/2018\/speaker\/mariana-lopez\/#more-2132\" class=\"more-link\"><span aria-label=\"Sigue leyendo Mariana L\u00f3pez\">(m\u00e1s&hellip;)<\/span><\/a><\/p>\n\t\t\t\t<\/div>\n\t\t\t<\/div>\n\n\t\t\n\t\t\t<!-- Organizers note: The id attribute is deprecated and only remains for backwards compatibility, please use the corresponding class to target individual speakers -->\n\t\t\t<div id=\"wcorg-speaker-neskens-cavallini\" class=\"wcorg-speaker wcorg-speaker-neskens-cavallini wcorg-track-design-marketing\">\n\t\t\t\t<h2>\n\t\t\t\t\t\n\t\t\t\t\t\tNeskens Cavallini\n\t\t\t\t\t\t\t\t\t<\/h2>\n\n\t\t\t\t<div class=\"wcorg-speaker-description\">\n\t\t\t\t\t<img alt='' src='https:\/\/secure.gravatar.com\/avatar\/2398d22c60acd9f893581295f57ea6ba93bfe98f3db59df6c112b3768102dd78?s=100&#038;d=mm&#038;r=g' srcset='https:\/\/secure.gravatar.com\/avatar\/2398d22c60acd9f893581295f57ea6ba93bfe98f3db59df6c112b3768102dd78?s=200&#038;d=mm&#038;r=g 2x' class='avatar avatar-100 photo' height='100' width='100' \/>\t\t\t\t\t<p>Dise\u00f1ador gr\u00e1fico; apasionado por la b\u00fasqueda y el enriquecimiento constante del conocimiento en el \u00e1rea de dise\u00f1o digital. Con m\u00e1s de 15 a\u00f1os de experiencia en la industria creativa, <a href=\"https:\/\/sanjose.wordcamp.org\/2018\/speaker\/neskens-cavallini\/#more-2086\" class=\"more-link\"><span aria-label=\"Sigue leyendo Neskens Cavallini\">(m\u00e1s&hellip;)<\/span><\/a><\/p>\n\t\t\t\t<\/div>\n\t\t\t<\/div>\n\n\t\t\n\t\t\t<!-- Organizers note: The id attribute is deprecated and only remains for backwards compatibility, please use the corresponding class to target individual speakers -->\n\t\t\t<div id=\"wcorg-speaker-marco-ledezma\" class=\"wcorg-speaker wcorg-speaker-marco-ledezma wcorg-track-developer-avanzado\">\n\t\t\t\t<h2>\n\t\t\t\t\t\n\t\t\t\t\t\tMarco Ledezma\n\t\t\t\t\t\t\t\t\t<\/h2>\n\n\t\t\t\t<div class=\"wcorg-speaker-description\">\n\t\t\t\t\t<img alt='' src='https:\/\/secure.gravatar.com\/avatar\/e5b6fde2d99adbdd758fc949a9859ae6cf3ed9221d8c128319d35de5006b3d3d?s=100&#038;d=mm&#038;r=g' srcset='https:\/\/secure.gravatar.com\/avatar\/e5b6fde2d99adbdd758fc949a9859ae6cf3ed9221d8c128319d35de5006b3d3d?s=200&#038;d=mm&#038;r=g 2x' class='avatar avatar-100 photo' height='100' width='100' \/>\t\t\t\t\t<p>Dise\u00f1ador y Desarrollador Web, egresado de un lugar que nadie conoce llamado CETAV, escritor, m\u00fasico y gamer ocasional, interesado en las nuevas tecnolog\u00edas, <a href=\"https:\/\/sanjose.wordcamp.org\/2018\/speaker\/marco-ledezma\/#more-1721\" class=\"more-link\"><span aria-label=\"Sigue leyendo Marco Ledezma\">(m\u00e1s&hellip;)<\/span><\/a><\/p>\n\t\t\t\t<\/div>\n\t\t\t<\/div>\n\n\t\t\n\t\t\t<!-- Organizers note: The id attribute is deprecated and only remains for backwards compatibility, please use the corresponding class to target individual speakers -->\n\t\t\t<div id=\"wcorg-speaker-alfredo-bonilla\" class=\"wcorg-speaker wcorg-speaker-alfredo-bonilla wcorg-track-developer-avanzado\">\n\t\t\t\t<h2>\n\t\t\t\t\t\n\t\t\t\t\t\tAlfredo Bonilla\n\t\t\t\t\t\t\t\t\t<\/h2>\n\n\t\t\t\t<div class=\"wcorg-speaker-description\">\n\t\t\t\t\t<img alt='' src='https:\/\/secure.gravatar.com\/avatar\/93fd8e3e9620cc013ece52b14c627897fe17c89c8e2966638af91f9896d473fc?s=100&#038;d=mm&#038;r=g' srcset='https:\/\/secure.gravatar.com\/avatar\/93fd8e3e9620cc013ece52b14c627897fe17c89c8e2966638af91f9896d473fc?s=200&#038;d=mm&#038;r=g 2x' class='avatar avatar-100 photo' height='100' width='100' \/>\t\t\t\t\t<p>Alfredo es un apasionado por la tecnolog\u00eda, el emprendedurismo y el trabajo remoto. Con m\u00e1s de 8 a\u00f1os de experiencia, Alfredo ha trabajado en gran cantidad de proyectos de distintas dimensiones <a href=\"https:\/\/sanjose.wordcamp.org\/2018\/speaker\/alfredo-bonilla\/#more-1693\" class=\"more-link\"><span aria-label=\"Sigue leyendo Alfredo Bonilla\">(m\u00e1s&hellip;)<\/span><\/a><\/p>\n\t\t\t\t<\/div>\n\t\t\t<\/div>\n\n\t\t\n\t\t\t<!-- Organizers note: The id attribute is deprecated and only remains for backwards compatibility, please use the corresponding class to target individual speakers -->\n\t\t\t<div id=\"wcorg-speaker-bryan-rojas\" class=\"wcorg-speaker wcorg-speaker-bryan-rojas wcorg-track-developer-avanzado\">\n\t\t\t\t<h2>\n\t\t\t\t\t\n\t\t\t\t\t\tBryan Rojas\n\t\t\t\t\t\t\t\t\t<\/h2>\n\n\t\t\t\t<div class=\"wcorg-speaker-description\">\n\t\t\t\t\t<img alt='' src='https:\/\/secure.gravatar.com\/avatar\/7f157ec9ac0e5fe46c5de66ba0e156661cc044d685cab4657d104919c62caf4a?s=100&#038;d=mm&#038;r=g' srcset='https:\/\/secure.gravatar.com\/avatar\/7f157ec9ac0e5fe46c5de66ba0e156661cc044d685cab4657d104919c62caf4a?s=200&#038;d=mm&#038;r=g 2x' class='avatar avatar-100 photo' height='100' width='100' \/>\t\t\t\t\t<p>Full Stack Developer con m\u00e1s de 6 a\u00f1os de experiencia en la industria de las tecnolog\u00edas creando sitios web y aplicaciones web con pasi\u00f3n y entusiasmo en equipos grandes <a href=\"https:\/\/sanjose.wordcamp.org\/2018\/speaker\/bryan-rojas\/#more-1727\" class=\"more-link\"><span aria-label=\"Sigue leyendo Bryan Rojas\">(m\u00e1s&hellip;)<\/span><\/a><\/p>\n\t\t\t\t<\/div>\n\t\t\t<\/div>\n\n\t\t\n\t\t\t<!-- Organizers note: The id attribute is deprecated and only remains for backwards compatibility, please use the corresponding class to target individual speakers -->\n\t\t\t<div id=\"wcorg-speaker-edwin-calderon\" class=\"wcorg-speaker wcorg-speaker-edwin-calderon wcorg-track-design-marketing\">\n\t\t\t\t<h2>\n\t\t\t\t\t\n\t\t\t\t\t\tEdwin Calder\u00f3n\n\t\t\t\t\t\t\t\t\t<\/h2>\n\n\t\t\t\t<div class=\"wcorg-speaker-description\">\n\t\t\t\t\t<img alt='' src='https:\/\/secure.gravatar.com\/avatar\/41656a14ecae41aee58eedfe43035d71ceffb6d9e05d9a228e623f1ad575c572?s=100&#038;d=mm&#038;r=g' srcset='https:\/\/secure.gravatar.com\/avatar\/41656a14ecae41aee58eedfe43035d71ceffb6d9e05d9a228e623f1ad575c572?s=200&#038;d=mm&#038;r=g 2x' class='avatar avatar-100 photo' height='100' width='100' \/>\t\t\t\t\t<p><span class=\"\"><i class=\"\">Desarrollador Web en Spacelab desde el 2014. Estudiante de Ingenier\u00eda en Sistemas, Universidad\u00a0Latina.<\/i><\/span> <a href=\"https:\/\/sanjose.wordcamp.org\/2018\/speaker\/edwin-calderon\/#more-2371\" class=\"more-link\"><span aria-label=\"Sigue leyendo Edwin Calder\u00f3n\">(m\u00e1s&hellip;)<\/span><\/a><\/p>\n\t\t\t\t<\/div>\n\t\t\t<\/div>\n\n\t\t\n\t\t\t<!-- Organizers note: The id attribute is deprecated and only remains for backwards compatibility, please use the corresponding class to target individual speakers -->\n\t\t\t<div id=\"wcorg-speaker-sammy-arburola\" class=\"wcorg-speaker wcorg-speaker-sammy-arburola wcorg-track-basico-emprendedor\">\n\t\t\t\t<h2>\n\t\t\t\t\t\n\t\t\t\t\t\tSammy Arburola\n\t\t\t\t\t\t\t\t\t<\/h2>\n\n\t\t\t\t<div class=\"wcorg-speaker-description\">\n\t\t\t\t\t<img alt='' src='https:\/\/secure.gravatar.com\/avatar\/a1b624569d55512dc847722d27262ee8b77ca344af343332e7c47d7ca5f9d4d9?s=100&#038;d=mm&#038;r=g' srcset='https:\/\/secure.gravatar.com\/avatar\/a1b624569d55512dc847722d27262ee8b77ca344af343332e7c47d7ca5f9d4d9?s=200&#038;d=mm&#038;r=g 2x' class='avatar avatar-100 photo' height='100' width='100' \/>\t\t\t\t\t<p>La puedes encontrar impartiendo talleres o sentada con alguien explicandole como funciona una de tantas cosas bellas que hay en ciencias de computaci\u00f3n (su pasion). Es programadora, <a href=\"https:\/\/sanjose.wordcamp.org\/2018\/speaker\/sammy-arburola\/#more-1725\" class=\"more-link\"><span aria-label=\"Sigue leyendo Sammy Arburola\">(m\u00e1s&hellip;)<\/span><\/a><\/p>\n\t\t\t\t<\/div>\n\t\t\t<\/div>\n\n\t\t\n\t\t\t<!-- Organizers note: The id attribute is deprecated and only remains for backwards compatibility, please use the corresponding class to target individual speakers -->\n\t\t\t<div id=\"wcorg-speaker-gustavo-ramirez-fallas\" class=\"wcorg-speaker wcorg-speaker-gustavo-ramirez-fallas wcorg-track-developer-avanzado\">\n\t\t\t\t<h2>\n\t\t\t\t\t\n\t\t\t\t\t\tGustavo Ram\u00edrez Fallas\n\t\t\t\t\t\t\t\t\t<\/h2>\n\n\t\t\t\t<div class=\"wcorg-speaker-description\">\n\t\t\t\t\t<img alt='' src='https:\/\/secure.gravatar.com\/avatar\/9cbb8d14b19e6f9b35941d4a85062f5dc24c02b36ccccf3dfa2e0197fbd81996?s=100&#038;d=mm&#038;r=g' srcset='https:\/\/secure.gravatar.com\/avatar\/9cbb8d14b19e6f9b35941d4a85062f5dc24c02b36ccccf3dfa2e0197fbd81996?s=200&#038;d=mm&#038;r=g 2x' class='avatar avatar-100 photo' height='100' width='100' \/>\t\t\t\t\t<p>Gustavo es un l\u00edder t\u00e9cnico graduado de la Universidad de Costa Rica. Le gusta aprender todos los d\u00edas sobre las \u00faltimas tecnolog\u00edas! <a href=\"https:\/\/sanjose.wordcamp.org\/2018\/speaker\/gustavo-ramirez-fallas\/#more-1898\" class=\"more-link\"><span aria-label=\"Sigue leyendo Gustavo Ram\u00edrez Fallas\">(m\u00e1s&hellip;)<\/span><\/a><\/p>\n\t\t\t\t<\/div>\n\t\t\t<\/div>\n\n\t\t\n\t\t\t<!-- Organizers note: The id attribute is deprecated and only remains for backwards compatibility, please use the corresponding class to target individual speakers -->\n\t\t\t<div id=\"wcorg-speaker-carlos-murillo\" class=\"wcorg-speaker wcorg-speaker-carlos-murillo wcorg-track-design-marketing\">\n\t\t\t\t<h2>\n\t\t\t\t\t\n\t\t\t\t\t\tCarlos Murillo\n\t\t\t\t\t\t\t\t\t<\/h2>\n\n\t\t\t\t<div class=\"wcorg-speaker-description\">\n\t\t\t\t\t<img alt='' src='https:\/\/secure.gravatar.com\/avatar\/841fd0f092ac3dd3545b063c0651709637c62494af537a8c1c03c518b8c7c6af?s=100&#038;d=mm&#038;r=g' srcset='https:\/\/secure.gravatar.com\/avatar\/841fd0f092ac3dd3545b063c0651709637c62494af537a8c1c03c518b8c7c6af?s=200&#038;d=mm&#038;r=g 2x' class='avatar avatar-100 photo' height='100' width='100' \/>\t\t\t\t\t<p>Carlos Murillo es un innovador dise\u00f1ador de experiencia de usuario con m\u00e1s de 10 a\u00f1os de experiencia en dise\u00f1o centrado en el usuario y usabilidad.  <a href=\"https:\/\/sanjose.wordcamp.org\/2018\/speaker\/carlos-murillo\/#more-1675\" class=\"more-link\"><span aria-label=\"Sigue leyendo Carlos Murillo\">(m\u00e1s&hellip;)<\/span><\/a><\/p>\n\t\t\t\t<\/div>\n\t\t\t<\/div>\n\n\t\t\n\t\t\t<!-- Organizers note: The id attribute is deprecated and only remains for backwards compatibility, please use the corresponding class to target individual speakers -->\n\t\t\t<div id=\"wcorg-speaker-laura-escude\" class=\"wcorg-speaker wcorg-speaker-laura-escude\">\n\t\t\t\t<h2>\n\t\t\t\t\t\n\t\t\t\t\t\tLaura  Escude\n\t\t\t\t\t\t\t\t\t<\/h2>\n\n\t\t\t\t<div class=\"wcorg-speaker-description\">\n\t\t\t\t\t<img alt='' src='https:\/\/secure.gravatar.com\/avatar\/91a63579db8097357761f5f01cc8507704dbae10733af9848839db085c78645a?s=100&#038;d=mm&#038;r=g' srcset='https:\/\/secure.gravatar.com\/avatar\/91a63579db8097357761f5f01cc8507704dbae10733af9848839db085c78645a?s=200&#038;d=mm&#038;r=g 2x' class='avatar avatar-100 photo' height='100' width='100' \/>\t\t\t\t\t<p>Laura estudi\u00f3 arquitectura y planificaci\u00f3n urbana, y se ha desarrollado como dise\u00f1adora publicitaria, l\u00edder de equipos de producci\u00f3n digital y administradora de proyectos. Es co-l\u00edder de IxDA <a href=\"https:\/\/sanjose.wordcamp.org\/2018\/speaker\/laura-escude\/#more-1901\" class=\"more-link\"><span aria-label=\"Sigue leyendo Laura  Escude\">(m\u00e1s&hellip;)<\/span><\/a><\/p>\n\t\t\t\t<\/div>\n\t\t\t<\/div>\n\n\t\t\n\t\t\t<!-- Organizers note: The id attribute is deprecated and only remains for backwards compatibility, please use the corresponding class to target individual speakers -->\n\t\t\t<div id=\"wcorg-speaker-fernando-tellado\" class=\"wcorg-speaker wcorg-speaker-fernando-tellado wcorg-track-basico-emprendedor\">\n\t\t\t\t<h2>\n\t\t\t\t\t\n\t\t\t\t\t\tFernando Tellado\n\t\t\t\t\t\t\t\t\t<\/h2>\n\n\t\t\t\t<div class=\"wcorg-speaker-description\">\n\t\t\t\t\t<img alt='' src='https:\/\/secure.gravatar.com\/avatar\/6ddc525ae47cdce6c4d632d40ad0ebdfa590fdb36dfca0c85a4cbd5cccaf5351?s=100&#038;d=mm&#038;r=g' srcset='https:\/\/secure.gravatar.com\/avatar\/6ddc525ae47cdce6c4d632d40ad0ebdfa590fdb36dfca0c85a4cbd5cccaf5351?s=200&#038;d=mm&#038;r=g 2x' class='avatar avatar-100 photo' height='100' width='100' \/>\t\t\t\t\t<p>Consultor, divulgador, profesor y miembro activo de la comunidad WordPress. Global Translator Editor y administrador de WordPress Espa\u00f1a. Orgulloso Brand Ambassador de <a href=\"https:\/\/www.siteground.es\">SiteGround Espa\u00f1a<\/a> y <a href=\"https:\/\/yithemes.com\/\" rel=\"nofollow\">YITH<\/a>. <a href=\"https:\/\/sanjose.wordcamp.org\/2018\/speaker\/fernando-tellado\/#more-1700\" class=\"more-link\"><span aria-label=\"Sigue leyendo Fernando Tellado\">(m\u00e1s&hellip;)<\/span><\/a><\/p>\n\t\t\t\t<\/div>\n\t\t\t<\/div>\n\n\t\t\n\t\t\t<!-- Organizers note: The id attribute is deprecated and only remains for backwards compatibility, please use the corresponding class to target individual speakers -->\n\t\t\t<div id=\"wcorg-speaker-lidia-arroyo\" class=\"wcorg-speaker wcorg-speaker-lidia-arroyo wcorg-track-basico-emprendedor\">\n\t\t\t\t<h2>\n\t\t\t\t\t\n\t\t\t\t\t\tLidia Arroyo\n\t\t\t\t\t\t\t\t\t<\/h2>\n\n\t\t\t\t<div class=\"wcorg-speaker-description\">\n\t\t\t\t\t<img alt='' src='https:\/\/secure.gravatar.com\/avatar\/bfb6e95851da7974d4c50f945adc9fe3be395ea892ccbb70ca91e2bbdac52de0?s=100&#038;d=mm&#038;r=g' srcset='https:\/\/secure.gravatar.com\/avatar\/bfb6e95851da7974d4c50f945adc9fe3be395ea892ccbb70ca91e2bbdac52de0?s=200&#038;d=mm&#038;r=g 2x' class='avatar avatar-100 photo' height='100' width='100' \/>\t\t\t\t\t<p>Ingeniera en Inform\u00e1tica, trabaja administrando servidores, desarrollando y realizando mantenimientos a sitios en WordPress y otras plataformas CMS.  <a href=\"https:\/\/sanjose.wordcamp.org\/2018\/speaker\/lidia-arroyo\/#more-1702\" class=\"more-link\"><span aria-label=\"Sigue leyendo Lidia Arroyo\">(m\u00e1s&hellip;)<\/span><\/a><\/p>\n\t\t\t\t<\/div>\n\t\t\t<\/div>\n\n\t\t\n\t\t\t<!-- Organizers note: The id attribute is deprecated and only remains for backwards compatibility, please use the corresponding class to target individual speakers -->\n\t\t\t<div id=\"wcorg-speaker-nando-pappalardo\" class=\"wcorg-speaker wcorg-speaker-nando-pappalardo wcorg-track-basico-emprendedor\">\n\t\t\t\t<h2>\n\t\t\t\t\t\n\t\t\t\t\t\tNando Pappalardo\n\t\t\t\t\t\t\t\t\t<\/h2>\n\n\t\t\t\t<div class=\"wcorg-speaker-description\">\n\t\t\t\t\t<img alt='' src='https:\/\/secure.gravatar.com\/avatar\/c7d6c5c3165c9892a53f8e6312f8903a6dee67f22b5638b2429eb14b3c40b76d?s=100&#038;d=mm&#038;r=g' srcset='https:\/\/secure.gravatar.com\/avatar\/c7d6c5c3165c9892a53f8e6312f8903a6dee67f22b5638b2429eb14b3c40b76d?s=200&#038;d=mm&#038;r=g 2x' class='avatar avatar-100 photo' height='100' width='100' \/>\t\t\t\t\t<p>De los empresarios con m\u00e1s \u00e9xito en el ecosistema WordPress, ha sido uno de los primeros italianos en hacer su nombre conocido en el campo del mercado internacional en este sector. <a href=\"https:\/\/sanjose.wordcamp.org\/2018\/speaker\/nando-pappalardo\/#more-1737\" class=\"more-link\"><span aria-label=\"Sigue leyendo Nando Pappalardo\">(m\u00e1s&hellip;)<\/span><\/a><\/p>\n\t\t\t\t<\/div>\n\t\t\t<\/div>\n\n\t\t\n\t\t\t<!-- Organizers note: The id attribute is deprecated and only remains for backwards compatibility, please use the corresponding class to target individual speakers -->\n\t\t\t<div id=\"wcorg-speaker-irene-issa-el-khoury\" class=\"wcorg-speaker wcorg-speaker-irene-issa-el-khoury\">\n\t\t\t\t<h2>\n\t\t\t\t\t\n\t\t\t\t\t\tIrene Issa El Khoury\n\t\t\t\t\t\t\t\t\t<\/h2>\n\n\t\t\t\t<div class=\"wcorg-speaker-description\">\n\t\t\t\t\t<img alt='' src='https:\/\/secure.gravatar.com\/avatar\/ddf7dcb5b5930b76c779ab8089a51fa79f4604b6fde1422aaa1dd88a01926eee?s=100&#038;d=mm&#038;r=g' srcset='https:\/\/secure.gravatar.com\/avatar\/ddf7dcb5b5930b76c779ab8089a51fa79f4604b6fde1422aaa1dd88a01926eee?s=200&#038;d=mm&#038;r=g 2x' class='avatar avatar-100 photo' height='100' width='100' \/>\t\t\t\t\t<p>Es Ingeniera en Dise\u00f1o Industrial y cuenta una maestr\u00eda en Comunicaci\u00f3n y Mercadeo. Adem\u00e1s, cuenta con una especializaci\u00f3n en Design Thinking <a href=\"https:\/\/sanjose.wordcamp.org\/2018\/speaker\/irene-issa-el-khoury\/#more-1782\" class=\"more-link\"><span aria-label=\"Sigue leyendo Irene Issa El Khoury\">(m\u00e1s&hellip;)<\/span><\/a><\/p>\n\t\t\t\t<\/div>\n\t\t\t<\/div>\n\n\t\t\n\t\t\t<!-- Organizers note: The id attribute is deprecated and only remains for backwards compatibility, please use the corresponding class to target individual speakers -->\n\t\t\t<div id=\"wcorg-speaker-cristian-sanchez\" class=\"wcorg-speaker wcorg-speaker-cristian-sanchez wcorg-track-design-marketing\">\n\t\t\t\t<h2>\n\t\t\t\t\t\n\t\t\t\t\t\tCristian S\u00e1nchez\n\t\t\t\t\t\t\t\t\t<\/h2>\n\n\t\t\t\t<div class=\"wcorg-speaker-description\">\n\t\t\t\t\t<img alt='' src='https:\/\/secure.gravatar.com\/avatar\/866ace510faee18fae439fc3f2bc9a7f098260ea7902a4a7f2dd97d12ff3effc?s=100&#038;d=mm&#038;r=g' srcset='https:\/\/secure.gravatar.com\/avatar\/866ace510faee18fae439fc3f2bc9a7f098260ea7902a4a7f2dd97d12ff3effc?s=200&#038;d=mm&#038;r=g 2x' class='avatar avatar-100 photo' height='100' width='100' \/>\t\t\t\t\t<div>\n<div>Cristian es CEO de Witlab, empresa enfocada al marketing digital y el desarrollo de sitios web sobre\u00a0<b>WordPress<\/b>.<br \/>\n <a href=\"https:\/\/sanjose.wordcamp.org\/2018\/speaker\/cristian-sanchez\/#more-1683\" class=\"more-link\"><span aria-label=\"Sigue leyendo Cristian S\u00e1nchez\">(m\u00e1s&hellip;)<\/span><\/a><\/div>\n<\/div>\n\t\t\t\t<\/div>\n\t\t\t<\/div>\n\n\t\t\n\t\t\t<!-- Organizers note: The id attribute is deprecated and only remains for backwards compatibility, please use the corresponding class to target individual speakers -->\n\t\t\t<div id=\"wcorg-speaker-lester-gudiel\" class=\"wcorg-speaker wcorg-speaker-lester-gudiel wcorg-track-basico-emprendedor\">\n\t\t\t\t<h2>\n\t\t\t\t\t\n\t\t\t\t\t\tLester Gudiel\n\t\t\t\t\t\t\t\t\t<\/h2>\n\n\t\t\t\t<div class=\"wcorg-speaker-description\">\n\t\t\t\t\t<img alt='' src='https:\/\/secure.gravatar.com\/avatar\/0b64177329d4665edc0be90c60d1f0e563655af9a1137e07afb5218a0831ed98?s=100&#038;d=mm&#038;r=g' srcset='https:\/\/secure.gravatar.com\/avatar\/0b64177329d4665edc0be90c60d1f0e563655af9a1137e07afb5218a0831ed98?s=200&#038;d=mm&#038;r=g 2x' class='avatar avatar-100 photo' height='100' width='100' \/>\t\t\t\t\t<p><span style=\"font-family: Arial\"><span style=\"color: #000000\">CEO de Maya Geek Solution, Empresa enfocada en la creaci\u00f3n de aplicaciones m\u00f3viles y sitios web con 8 a\u00f1os de experiencia en Desarrollo en WordPress. <\/span><\/span><\/p>\n<p> <a href=\"https:\/\/sanjose.wordcamp.org\/2018\/speaker\/lester-gudiel\/#more-2088\" class=\"more-link\"><span aria-label=\"Sigue leyendo Lester Gudiel\">(m\u00e1s&hellip;)<\/span><\/a><\/p>\n\t\t\t\t<\/div>\n\t\t\t<\/div>\n\n\t\t\n\t\t\t<!-- Organizers note: The id attribute is deprecated and only remains for backwards compatibility, please use the corresponding class to target individual speakers -->\n\t\t\t<div id=\"wcorg-speaker-allan-esquivel\" class=\"wcorg-speaker wcorg-speaker-allan-esquivel\">\n\t\t\t\t<h2>\n\t\t\t\t\t\n\t\t\t\t\t\tAllan Esquivel\n\t\t\t\t\t\t\t\t\t<\/h2>\n\n\t\t\t\t<div class=\"wcorg-speaker-description\">\n\t\t\t\t\t<img alt='' src='https:\/\/secure.gravatar.com\/avatar\/df9add27fa4097fc80b3fdb49e90b2225c39fb42a5977ff1ebe74e4f3387b240?s=100&#038;d=mm&#038;r=g' srcset='https:\/\/secure.gravatar.com\/avatar\/df9add27fa4097fc80b3fdb49e90b2225c39fb42a5977ff1ebe74e4f3387b240?s=200&#038;d=mm&#038;r=g 2x' class='avatar avatar-100 photo' height='100' width='100' \/>\t\t\t\t\t<p>Investigador de usuarios y conceptos abstractos de informaci\u00f3n. Cuenta con estudios en Psicolog\u00eda y Filolog\u00eda, que brindan bagaje para realizar investigaci\u00f3n cualitativa y cuantitativa.  <a href=\"https:\/\/sanjose.wordcamp.org\/2018\/speaker\/allan-esquivel\/#more-3148\" class=\"more-link\"><span aria-label=\"Sigue leyendo Allan Esquivel\">(m\u00e1s&hellip;)<\/span><\/a><\/p>\n\t\t\t\t<\/div>\n\t\t\t<\/div>\n\n\t\t\n\t\t\t<!-- Organizers note: The id attribute is deprecated and only remains for backwards compatibility, please use the corresponding class to target individual speakers -->\n\t\t\t<div id=\"wcorg-speaker-giovanna-chacon\" class=\"wcorg-speaker wcorg-speaker-giovanna-chacon wcorg-track-basico-emprendedor\">\n\t\t\t\t<h2>\n\t\t\t\t\t\n\t\t\t\t\t\tGiovanna Chacon\n\t\t\t\t\t\t\t\t\t<\/h2>\n\n\t\t\t\t<div class=\"wcorg-speaker-description\">\n\t\t\t\t\t<img alt='' src='https:\/\/secure.gravatar.com\/avatar\/e6b2a0c5af42f0c0b3f8555293fbf9c11557fc9d1666868b7270f7a595b67f79?s=100&#038;d=mm&#038;r=g' srcset='https:\/\/secure.gravatar.com\/avatar\/e6b2a0c5af42f0c0b3f8555293fbf9c11557fc9d1666868b7270f7a595b67f79?s=200&#038;d=mm&#038;r=g 2x' class='avatar avatar-100 photo' height='100' width='100' \/>\t\t\t\t\t<p>Docente musical (Canto), emprendedora, apasionada por el caf\u00e9 y la interacci\u00f3n humana. Por medio de la tecnolog\u00edas web y WordPress, busca ayudar a las personas y agregar accesibilidad, valor y competitividad a sus proyectos. <a href=\"https:\/\/sanjose.wordcamp.org\/2018\/speaker\/giovanna-chacon\/#more-1739\" class=\"more-link\"><span aria-label=\"Sigue leyendo Giovanna Chacon\">(m\u00e1s&hellip;)<\/span><\/a><\/p>\n\t\t\t\t<\/div>\n\t\t\t<\/div>\n\n\t\t\n\t\t\t<!-- Organizers note: The id attribute is deprecated and only remains for backwards compatibility, please use the corresponding class to target individual speakers -->\n\t\t\t<div id=\"wcorg-speaker-william-jackson\" class=\"wcorg-speaker wcorg-speaker-william-jackson wcorg-track-basico-emprendedor\">\n\t\t\t\t<h2>\n\t\t\t\t\t\n\t\t\t\t\t\tWilliam Jackson\n\t\t\t\t\t\t\t\t\t<\/h2>\n\n\t\t\t\t<div class=\"wcorg-speaker-description\">\n\t\t\t\t\t<img alt='' src='https:\/\/secure.gravatar.com\/avatar\/2bda2c96c5f9c08da25bc52be899b7a21bfc84edda82740a56fdad03b6c0921b?s=100&#038;d=mm&#038;r=g' srcset='https:\/\/secure.gravatar.com\/avatar\/2bda2c96c5f9c08da25bc52be899b7a21bfc84edda82740a56fdad03b6c0921b?s=200&#038;d=mm&#038;r=g 2x' class='avatar avatar-100 photo' height='100' width='100' \/>\t\t\t\t\t<p>Graduado de Universidad Estatal de Carolina del Sur, como Licenciado en Educaci\u00f3n y Maestr\u00eda en Artes en la ense\u00f1anza de la Universidad Webster con un enfoque en Tecnolog\u00eda Educativa, Redes sociales y STEM. <a href=\"https:\/\/sanjose.wordcamp.org\/2018\/speaker\/william-jackson\/#more-2109\" class=\"more-link\"><span aria-label=\"Sigue leyendo William Jackson\">(m\u00e1s&hellip;)<\/span><\/a><\/p>\n\t\t\t\t<\/div>\n\t\t\t<\/div>\n\n\t\t\n\t\t\t<!-- Organizers note: The id attribute is deprecated and only remains for backwards compatibility, please use the corresponding class to target individual speakers -->\n\t\t\t<div id=\"wcorg-speaker-adrian-montero\" class=\"wcorg-speaker wcorg-speaker-adrian-montero wcorg-track-basico-emprendedor\">\n\t\t\t\t<h2>\n\t\t\t\t\t\n\t\t\t\t\t\tAdrian Montero\n\t\t\t\t\t\t\t\t\t<\/h2>\n\n\t\t\t\t<div class=\"wcorg-speaker-description\">\n\t\t\t\t\t<img alt='' src='https:\/\/secure.gravatar.com\/avatar\/14f5fa7aa2527d6367cc2b5e35f8ccc2f8aff9175f4fdb7fdba933a327e2c94c?s=100&#038;d=mm&#038;r=g' srcset='https:\/\/secure.gravatar.com\/avatar\/14f5fa7aa2527d6367cc2b5e35f8ccc2f8aff9175f4fdb7fdba933a327e2c94c?s=200&#038;d=mm&#038;r=g 2x' class='avatar avatar-100 photo' height='100' width='100' \/>\t\t\t\t\t\t\t\t\t<\/div>\n\t\t\t<\/div>\n\n\t\t\n\t\t\t<!-- Organizers note: The id attribute is deprecated and only remains for backwards compatibility, please use the corresponding class to target individual speakers -->\n\t\t\t<div id=\"wcorg-speaker-alfredo-navas-fernandini\" class=\"wcorg-speaker wcorg-speaker-alfredo-navas-fernandini wcorg-track-design-marketing\">\n\t\t\t\t<h2>\n\t\t\t\t\t\n\t\t\t\t\t\tAlfredo Navas Fernandini\n\t\t\t\t\t\t\t\t\t<\/h2>\n\n\t\t\t\t<div class=\"wcorg-speaker-description\">\n\t\t\t\t\t<img alt='' src='https:\/\/secure.gravatar.com\/avatar\/da7d307ebfb0adb021f10ce5f9b2c28bbd2d5322250200864fb7cd25470ab4cd?s=100&#038;d=mm&#038;r=g' srcset='https:\/\/secure.gravatar.com\/avatar\/da7d307ebfb0adb021f10ce5f9b2c28bbd2d5322250200864fb7cd25470ab4cd?s=200&#038;d=mm&#038;r=g 2x' class='avatar avatar-100 photo' height='100' width='100' \/>\t\t\t\t\t<p>Web Artisan y WordPress Wrangler.\u00a0A\u00a0trabajado con WordPress durante los \u00faltimos 12 a\u00f1os. Disfruta hacer todo, desde dise\u00f1o de temas hasta codear plugins. Co-fundador de la comunidad de WordPress Costa Rica.<\/p>\n<p> <a href=\"https:\/\/sanjose.wordcamp.org\/2018\/speaker\/alfredo-navas-fernandini\/#more-1691\" class=\"more-link\"><span aria-label=\"Sigue leyendo Alfredo Navas Fernandini\">(m\u00e1s&hellip;)<\/span><\/a><\/p>\n\t\t\t\t<\/div>\n\t\t\t<\/div>\n\n\t\t\n\t\t\t<!-- Organizers note: The id attribute is deprecated and only remains for backwards compatibility, please use the corresponding class to target individual speakers -->\n\t\t\t<div id=\"wcorg-speaker-helen-hou-sandi\" class=\"wcorg-speaker wcorg-speaker-helen-hou-sandi wcorg-track-basico-emprendedor wcorg-track-design-marketing wcorg-track-developer-avanzado\">\n\t\t\t\t<h2>\n\t\t\t\t\t\n\t\t\t\t\t\tHelen Hou-Sand\u00ed\n\t\t\t\t\t\t\t\t\t<\/h2>\n\n\t\t\t\t<div class=\"wcorg-speaker-description\">\n\t\t\t\t\t<img alt='' src='https:\/\/secure.gravatar.com\/avatar\/db7425bf11dc396d1da059de8776278e5f9a0fe39d1d0d59a6a583de957a1787?s=100&#038;d=mm&#038;r=g' srcset='https:\/\/secure.gravatar.com\/avatar\/db7425bf11dc396d1da059de8776278e5f9a0fe39d1d0d59a6a583de957a1787?s=200&#038;d=mm&#038;r=g 2x' class='avatar avatar-100 photo' height='100' width='100' \/>\t\t\t\t\t<p>Director de Platform Experience en 10up donde es patrocinada para trabajar a tiempo completo como desarrollador principal del WordPress.org core. WordPress core committer <a href=\"https:\/\/sanjose.wordcamp.org\/2018\/speaker\/helen-hou-sandi\/#more-1698\" class=\"more-link\"><span aria-label=\"Sigue leyendo Helen Hou-Sand\u00ed\">(m\u00e1s&hellip;)<\/span><\/a><\/p>\n\t\t\t\t<\/div>\n\t\t\t<\/div>\n\n\t\t\n\t\t\t<!-- Organizers note: The id attribute is deprecated and only remains for backwards compatibility, please use the corresponding class to target individual speakers -->\n\t\t\t<div id=\"wcorg-speaker-karla-campos\" class=\"wcorg-speaker wcorg-speaker-karla-campos wcorg-track-basico-emprendedor\">\n\t\t\t\t<h2>\n\t\t\t\t\t\n\t\t\t\t\t\tKarla Campos\n\t\t\t\t\t\t\t\t\t<\/h2>\n\n\t\t\t\t<div class=\"wcorg-speaker-description\">\n\t\t\t\t\t<img alt='' src='https:\/\/secure.gravatar.com\/avatar\/3d1d609ae4b7f1b1c5fb17e99026083b94bb9de09f96c606989b9c0ea3dd04ea?s=100&#038;d=mm&#038;r=g' srcset='https:\/\/secure.gravatar.com\/avatar\/3d1d609ae4b7f1b1c5fb17e99026083b94bb9de09f96c606989b9c0ea3dd04ea?s=200&#038;d=mm&#038;r=g 2x' class='avatar avatar-100 photo' height='100' width='100' \/>\t\t\t\t\t<p>Karla Campos es una empresaria, madre, influyente y autora latinoamericana. Karla ha aparecido en Entrepreneur.com, Inc.com, NBC6, Telemundo y varios medios de comunicaci\u00f3n <a href=\"https:\/\/sanjose.wordcamp.org\/2018\/speaker\/karla-campos\/#more-1735\" class=\"more-link\"><span aria-label=\"Sigue leyendo Karla Campos\">(m\u00e1s&hellip;)<\/span><\/a><\/p>\n\t\t\t\t<\/div>\n\t\t\t<\/div>\n\n\t\t\n\t\t\t<!-- Organizers note: The id attribute is deprecated and only remains for backwards compatibility, please use the corresponding class to target individual speakers -->\n\t\t\t<div id=\"wcorg-speaker-juan-esteban-durango\" class=\"wcorg-speaker wcorg-speaker-juan-esteban-durango wcorg-track-basico-emprendedor\">\n\t\t\t\t<h2>\n\t\t\t\t\t\n\t\t\t\t\t\tJuan Esteban Durango\n\t\t\t\t\t\t\t\t\t<\/h2>\n\n\t\t\t\t<div class=\"wcorg-speaker-description\">\n\t\t\t\t\t<img alt='' src='https:\/\/secure.gravatar.com\/avatar\/776c792ed99dd0c92ccf97b15e7698881e0fb4b7f92d91ef517d885924312846?s=100&#038;d=mm&#038;r=g' srcset='https:\/\/secure.gravatar.com\/avatar\/776c792ed99dd0c92ccf97b15e7698881e0fb4b7f92d91ef517d885924312846?s=200&#038;d=mm&#038;r=g 2x' class='avatar avatar-100 photo' height='100' width='100' \/>\t\t\t\t\t<p>M\u00e1s de 18 a\u00f1os trabajando en Dise\u00f1o Web y Marketing Digital. En la actualidad es estudiante de \u00faltimo a\u00f1o de Derecho en la ULACIT,  <a href=\"https:\/\/sanjose.wordcamp.org\/2018\/speaker\/juan-esteban-durango\/#more-1733\" class=\"more-link\"><span aria-label=\"Sigue leyendo Juan Esteban Durango\">(m\u00e1s&hellip;)<\/span><\/a><\/p>\n\t\t\t\t<\/div>\n\t\t\t<\/div>\n\n\t\t\n\t\t\t<!-- Organizers note: The id attribute is deprecated and only remains for backwards compatibility, please use the corresponding class to target individual speakers -->\n\t\t\t<div id=\"wcorg-speaker-roberto-remedios\" class=\"wcorg-speaker wcorg-speaker-roberto-remedios wcorg-track-room-1 wcorg-track-taller wcorg-track-kids wcorg-track-basico-emprendedor\">\n\t\t\t\t<h2>\n\t\t\t\t\t\n\t\t\t\t\t\tRoberto Remedios\n\t\t\t\t\t\t\t\t\t<\/h2>\n\n\t\t\t\t<div class=\"wcorg-speaker-description\">\n\t\t\t\t\t<img alt='' src='https:\/\/secure.gravatar.com\/avatar\/f98513a1df4f806f7a19678341f9bc8a6957f9cb7b2974f509a3e2bd063dc2e7?s=100&#038;d=mm&#038;r=g' srcset='https:\/\/secure.gravatar.com\/avatar\/f98513a1df4f806f7a19678341f9bc8a6957f9cb7b2974f509a3e2bd063dc2e7?s=200&#038;d=mm&#038;r=g 2x' class='avatar avatar-100 photo' height='100' width='100' \/>\t\t\t\t\t<p>UX UI Designer y Frontend Developer. Siempre buscando aprender y compartir sus conocimientos de WordPress con otros. <a href=\"https:\/\/sanjose.wordcamp.org\/2018\/speaker\/roberto-remedios\/#more-1696\" class=\"more-link\"><span aria-label=\"Sigue leyendo Roberto Remedios\">(m\u00e1s&hellip;)<\/span><\/a><\/p>\n\t\t\t\t<\/div>\n\t\t\t<\/div>\n\n\t\t\n\t\t\t<!-- Organizers note: The id attribute is deprecated and only remains for backwards compatibility, please use the corresponding class to target individual speakers -->\n\t\t\t<div id=\"wcorg-speaker-nathalie-howell-flores\" class=\"wcorg-speaker wcorg-speaker-nathalie-howell-flores wcorg-track-design-marketing\">\n\t\t\t\t<h2>\n\t\t\t\t\t\n\t\t\t\t\t\tNathalie Howell-Flores\n\t\t\t\t\t\t\t\t\t<\/h2>\n\n\t\t\t\t<div class=\"wcorg-speaker-description\">\n\t\t\t\t\t<img alt='' src='https:\/\/secure.gravatar.com\/avatar\/745820ec206e6d3e533e64c574c3dbd2bb282857daf99d215eee43cd97ae08ed?s=100&#038;d=mm&#038;r=g' srcset='https:\/\/secure.gravatar.com\/avatar\/745820ec206e6d3e533e64c574c3dbd2bb282857daf99d215eee43cd97ae08ed?s=200&#038;d=mm&#038;r=g 2x' class='avatar avatar-100 photo' height='100' width='100' \/>\t\t\t\t\t<p>Se gradu\u00f3 como ingeniera en Dise\u00f1o Industrial del Instituto Tecnol\u00f3gico de Costa Rica. Seguidamente curs\u00f3 un a\u00f1o en las carreras de comunicaci\u00f3n e interacci\u00f3n <a href=\"https:\/\/sanjose.wordcamp.org\/2018\/speaker\/nathalie-howell-flores\/#more-1689\" class=\"more-link\"><span aria-label=\"Sigue leyendo Nathalie Howell-Flores\">(m\u00e1s&hellip;)<\/span><\/a><\/p>\n\t\t\t\t<\/div>\n\t\t\t<\/div>\n\n\t\t\n\t\t\t<!-- Organizers note: The id attribute is deprecated and only remains for backwards compatibility, please use the corresponding class to target individual speakers -->\n\t\t\t<div id=\"wcorg-speaker-andrey-alfaro\" class=\"wcorg-speaker wcorg-speaker-andrey-alfaro wcorg-track-developer-avanzado\">\n\t\t\t\t<h2>\n\t\t\t\t\t\n\t\t\t\t\t\tAndrey Alfaro\n\t\t\t\t\t\t\t\t\t<\/h2>\n\n\t\t\t\t<div class=\"wcorg-speaker-description\">\n\t\t\t\t\t<img alt='' src='https:\/\/secure.gravatar.com\/avatar\/1cb41ffbcf17f382c95c8942771d50bb844dd19a011150aa18a38351507ed1eb?s=100&#038;d=mm&#038;r=g' srcset='https:\/\/secure.gravatar.com\/avatar\/1cb41ffbcf17f382c95c8942771d50bb844dd19a011150aa18a38351507ed1eb?s=200&#038;d=mm&#038;r=g 2x' class='avatar avatar-100 photo' height='100' width='100' \/>\t\t\t\t\t<p>Desarrollador proactivo y apasionado, Full Stack en JavaScript, le encanta todo lo relacionado a la tecnolog\u00eda, aprender y ense\u00f1ar sobre desarrollo web. Ama resolver y crear sistemas de arquitectura <a href=\"https:\/\/sanjose.wordcamp.org\/2018\/speaker\/andrey-alfaro\/#more-1801\" class=\"more-link\"><span aria-label=\"Sigue leyendo Andrey Alfaro\">(m\u00e1s&hellip;)<\/span><\/a><\/p>\n\t\t\t\t<\/div>\n\t\t\t<\/div>\n\n\t\t\n\t\t\t<!-- Organizers note: The id attribute is deprecated and only remains for backwards compatibility, please use the corresponding class to target individual speakers -->\n\t\t\t<div id=\"wcorg-speaker-ana-maria-montero\" class=\"wcorg-speaker wcorg-speaker-ana-maria-montero wcorg-track-kids\">\n\t\t\t\t<h2>\n\t\t\t\t\t\n\t\t\t\t\t\tAna Mar\u00eda Montero\n\t\t\t\t\t\t\t\t\t<\/h2>\n\n\t\t\t\t<div class=\"wcorg-speaker-description\">\n\t\t\t\t\t<img alt='' src='https:\/\/secure.gravatar.com\/avatar\/d6f87e4a419248cb71e79510c29469b0a5a515835a1448bfad3fc81b83bfe5e1?s=100&#038;d=mm&#038;r=g' srcset='https:\/\/secure.gravatar.com\/avatar\/d6f87e4a419248cb71e79510c29469b0a5a515835a1448bfad3fc81b83bfe5e1?s=200&#038;d=mm&#038;r=g 2x' class='avatar avatar-100 photo' height='100' width='100' \/>\t\t\t\t\t<p>Actualmente es parte de Intertec International, como UX UI. Se ha desempe\u00f1ado en posiciones similares en organizaciones como Cognitiva IBM Watson Strategic Partner, Lionbridge, Bioversity International, AvVenta, <a href=\"https:\/\/sanjose.wordcamp.org\/2018\/speaker\/ana-maria-montero\/#more-2124\" class=\"more-link\"><span aria-label=\"Sigue leyendo Ana Mar\u00eda Montero\">(m\u00e1s&hellip;)<\/span><\/a><\/p>\n\t\t\t\t<\/div>\n\t\t\t<\/div>\n\n\t\t\n\t\t\t<!-- Organizers note: The id attribute is deprecated and only remains for backwards compatibility, please use the corresponding class to target individual speakers -->\n\t\t\t<div id=\"wcorg-speaker-marco-berrocal\" class=\"wcorg-speaker wcorg-speaker-marco-berrocal wcorg-track-developer-avanzado\">\n\t\t\t\t<h2>\n\t\t\t\t\t\n\t\t\t\t\t\tMarco Berrocal\n\t\t\t\t\t\t\t\t\t<\/h2>\n\n\t\t\t\t<div class=\"wcorg-speaker-description\">\n\t\t\t\t\t<img alt='' src='https:\/\/secure.gravatar.com\/avatar\/dfc76f772873da681c5c6cecfaabb94272b5c22ae0a70825c47a0bb5c55fc597?s=100&#038;d=mm&#038;r=g' srcset='https:\/\/secure.gravatar.com\/avatar\/dfc76f772873da681c5c6cecfaabb94272b5c22ae0a70825c47a0bb5c55fc597?s=200&#038;d=mm&#038;r=g 2x' class='avatar avatar-100 photo' height='100' width='100' \/>\t\t\t\t\t<p>Un dise\u00f1ador Web y desarrollador de WordPress autodidacta de Costa Rica,  <a href=\"https:\/\/sanjose.wordcamp.org\/2018\/speaker\/marco-berrocal\/#more-2557\" class=\"more-link\"><span aria-label=\"Sigue leyendo Marco Berrocal\">(m\u00e1s&hellip;)<\/span><\/a><\/p>\n\t\t\t\t<\/div>\n\t\t\t<\/div>\n\n\t\t\n\t\t\t<!-- Organizers note: The id attribute is deprecated and only remains for backwards compatibility, please use the corresponding class to target individual speakers -->\n\t\t\t<div id=\"wcorg-speaker-floribeth-lopez-aguilar\" class=\"wcorg-speaker wcorg-speaker-floribeth-lopez-aguilar wcorg-track-basico-emprendedor\">\n\t\t\t\t<h2>\n\t\t\t\t\t\n\t\t\t\t\t\tFloribeth L\u00f3pez Aguilar\n\t\t\t\t\t\t\t\t\t<\/h2>\n\n\t\t\t\t<div class=\"wcorg-speaker-description\">\n\t\t\t\t\t<img alt='' src='https:\/\/secure.gravatar.com\/avatar\/85af2c1badbc48911a1cab0d2eb5bd6e87cd784ae36ccc13cf123a630382d9c3?s=100&#038;d=mm&#038;r=g' srcset='https:\/\/secure.gravatar.com\/avatar\/85af2c1badbc48911a1cab0d2eb5bd6e87cd784ae36ccc13cf123a630382d9c3?s=200&#038;d=mm&#038;r=g 2x' class='avatar avatar-100 photo' height='100' width='100' \/>\t\t\t\t\t<p>Apasionada por las tecnolog\u00edas de informaci\u00f3n desde los 16 a\u00f1os. Se considera una facilitadora de la metodolog\u00eda Agile, no una predicadora. Aficionada del software libre y de los retos personales.  <a href=\"https:\/\/sanjose.wordcamp.org\/2018\/speaker\/floribeth-lopez-aguilar\/#more-1729\" class=\"more-link\"><span aria-label=\"Sigue leyendo Floribeth L\u00f3pez Aguilar\">(m\u00e1s&hellip;)<\/span><\/a><\/p>\n\t\t\t\t<\/div>\n\t\t\t<\/div>\n\n\t\t\n\t\t\t<!-- Organizers note: The id attribute is deprecated and only remains for backwards compatibility, please use the corresponding class to target individual speakers -->\n\t\t\t<div id=\"wcorg-speaker-gretchen-hutt\" class=\"wcorg-speaker wcorg-speaker-gretchen-hutt\">\n\t\t\t\t<h2>\n\t\t\t\t\t\n\t\t\t\t\t\tGretchen Hutt\n\t\t\t\t\t\t\t\t\t<\/h2>\n\n\t\t\t\t<div class=\"wcorg-speaker-description\">\n\t\t\t\t\t<img alt='' src='https:\/\/secure.gravatar.com\/avatar\/56b4b7e6e876e24b5ef48bd278029c8940cff6a0bbb5519974046055e54816e0?s=100&#038;d=mm&#038;r=g' srcset='https:\/\/secure.gravatar.com\/avatar\/56b4b7e6e876e24b5ef48bd278029c8940cff6a0bbb5519974046055e54816e0?s=200&#038;d=mm&#038;r=g 2x' class='avatar avatar-100 photo' height='100' width='100' \/>\t\t\t\t\t<p>Dise\u00f1adora de servicios, interfaces y experiencias en HowellH\u00fctt. Gretchen es Ingeniera en Dise\u00f1o Industrial del Instituto Tecnol\u00f3gico de Costa Rica. <a href=\"https:\/\/sanjose.wordcamp.org\/2018\/speaker\/gretchen-hutt\/#more-1878\" class=\"more-link\"><span aria-label=\"Sigue leyendo Gretchen Hutt\">(m\u00e1s&hellip;)<\/span><\/a><\/p>\n\t\t\t\t<\/div>\n\t\t\t<\/div>\n\n\t\t\n\t\t\t<!-- Organizers note: The id attribute is deprecated and only remains for backwards compatibility, please use the corresponding class to target individual speakers -->\n\t\t\t<div id=\"wcorg-speaker-mario-melendez\" class=\"wcorg-speaker wcorg-speaker-mario-melendez wcorg-track-design-marketing\">\n\t\t\t\t<h2>\n\t\t\t\t\t\n\t\t\t\t\t\tMario Melendez\n\t\t\t\t\t\t\t\t\t<\/h2>\n\n\t\t\t\t<div class=\"wcorg-speaker-description\">\n\t\t\t\t\t<img alt='' src='https:\/\/secure.gravatar.com\/avatar\/e2bdcdc789a86ae1a600abfcf0b6c5320ccc3ef66d2e2894787d617586b76934?s=100&#038;d=mm&#038;r=g' srcset='https:\/\/secure.gravatar.com\/avatar\/e2bdcdc789a86ae1a600abfcf0b6c5320ccc3ef66d2e2894787d617586b76934?s=200&#038;d=mm&#038;r=g 2x' class='avatar avatar-100 photo' height='100' width='100' \/>\t\t\t\t\t<p dir=\"ltr\"><span style=\"color: #000000;font-family: Arial\">Ingeniero Civil de d\u00eda, coder aficionado el resto del tiempo. Especialista en automatizar y hacer simples las cosas complicadas. Aficionado al software libre, los Arduino y al IoT. <\/span> <a href=\"https:\/\/sanjose.wordcamp.org\/2018\/speaker\/mario-melendez\/#more-2118\" class=\"more-link\"><span aria-label=\"Sigue leyendo Mario Melendez\">(m\u00e1s&hellip;)<\/span><\/a><\/p>\n\t\t\t\t<\/div>\n\t\t\t<\/div>\n\n\t\t\n\t\t\t<!-- Organizers note: The id attribute is deprecated and only remains for backwards compatibility, please use the corresponding class to target individual speakers -->\n\t\t\t<div id=\"wcorg-speaker-joaquin-vargas\" class=\"wcorg-speaker wcorg-speaker-joaquin-vargas wcorg-track-developer-avanzado\">\n\t\t\t\t<h2>\n\t\t\t\t\t\n\t\t\t\t\t\tJoaqu\u00edn Vargas\n\t\t\t\t\t\t\t\t\t<\/h2>\n\n\t\t\t\t<div class=\"wcorg-speaker-description\">\n\t\t\t\t\t<img alt='' src='https:\/\/secure.gravatar.com\/avatar\/6093a2e3840a2c2d45a9513432cd529aa86054f739d1453e910bceea1bf9b6cc?s=100&#038;d=mm&#038;r=g' srcset='https:\/\/secure.gravatar.com\/avatar\/6093a2e3840a2c2d45a9513432cd529aa86054f739d1453e910bceea1bf9b6cc?s=200&#038;d=mm&#038;r=g 2x' class='avatar avatar-100 photo' height='100' width='100' \/>\t\t\t\t\t<p>FullStack developer, siempre le han llamado la atenci\u00f3n las tecnolog\u00edas y cuando la oportunidad se presento logro estudiar Ingeniera en Sistemas. Tambi\u00e9n fue profesor en cursos libres y expositor en diferentes charlas. <a href=\"https:\/\/sanjose.wordcamp.org\/2018\/speaker\/joaquin-vargas\/#more-1888\" class=\"more-link\"><span aria-label=\"Sigue leyendo Joaqu\u00edn Vargas\">(m\u00e1s&hellip;)<\/span><\/a><\/p>\n\t\t\t\t<\/div>\n\t\t\t<\/div>\n\n\t\t\n\t\t\t<!-- Organizers note: The id attribute is deprecated and only remains for backwards compatibility, please use the corresponding class to target individual speakers -->\n\t\t\t<div id=\"wcorg-speaker-salvador-aguilar\" class=\"wcorg-speaker wcorg-speaker-salvador-aguilar wcorg-track-developer-avanzado\">\n\t\t\t\t<h2>\n\t\t\t\t\t\n\t\t\t\t\t\tSalvador Aguilar\n\t\t\t\t\t\t\t\t\t<\/h2>\n\n\t\t\t\t<div class=\"wcorg-speaker-description\">\n\t\t\t\t\t<img alt='' src='https:\/\/secure.gravatar.com\/avatar\/cc080e8d38e0a3e4e471e4a663f426167c9521da9b0c6cec9b3da7a52440edc0?s=100&#038;d=mm&#038;r=g' srcset='https:\/\/secure.gravatar.com\/avatar\/cc080e8d38e0a3e4e471e4a663f426167c9521da9b0c6cec9b3da7a52440edc0?s=200&#038;d=mm&#038;r=g 2x' class='avatar avatar-100 photo' height='100' width='100' \/>\t\t\t\t\t<p>Ingeniero de Soporte de WordPress en Kinsta.com. Invierte sus d\u00edas asistiendo a usuarios, especialistas de marketing, dise\u00f1adores y programadores a reparar problemas con sus sitios web.  <a href=\"https:\/\/sanjose.wordcamp.org\/2018\/speaker\/salvador-aguilar\/#more-2640\" class=\"more-link\"><span aria-label=\"Sigue leyendo Salvador Aguilar\">(m\u00e1s&hellip;)<\/span><\/a><\/p>\n\t\t\t\t<\/div>\n\t\t\t<\/div>\n\n\t\t\n\t<\/div>\n\n\t\n","protected":false},"excerpt":{"rendered":"","protected":false},"author":15118541,"featured_media":0,"parent":0,"menu_order":0,"comment_status":"closed","ping_status":"closed","template":"","meta":{"_crdt_document":"","jetpack_post_was_ever_published":false,"footnotes":""},"class_list":["post-8","page","type-page","status-publish","hentry"],"jetpack_sharing_enabled":true,"jetpack_shortlink":"https:\/\/wp.me\/P9ygju-8","jetpack-related-posts":[{"id":12,"url":"https:\/\/sanjose.wordcamp.org\/2018\/organizers\/","url_meta":{"origin":8,"position":0},"title":"Organizadores","author":"Ericka Barboza","date":"diciembre 22, 2017","format":false,"excerpt":"","rel":"","context":"Entrada similar","block_context":{"text":"Entrada similar","link":""},"img":{"alt_text":"","src":"https:\/\/i0.wp.com\/sanjose.wordcamp.org\/2018\/files\/2018\/03\/cropped-tixAsset-4.png?fit=600%2C600&resize=350%2C200#038;ssl=1","width":350,"height":200},"classes":[]},{"id":245,"url":"https:\/\/sanjose.wordcamp.org\/2018\/programa\/sesiones\/","url_meta":{"origin":8,"position":1},"title":"Sesiones","author":"remediosgraphic","date":"marzo 6, 2018","format":false,"excerpt":"","rel":"","context":"Entrada similar","block_context":{"text":"Entrada similar","link":""},"img":{"alt_text":"","src":"https:\/\/i0.wp.com\/sanjose.wordcamp.org\/2018\/files\/2018\/03\/cropped-tixAsset-4.png?fit=600%2C600&resize=350%2C200#038;ssl=1","width":350,"height":200},"classes":[]},{"id":1366,"url":"https:\/\/sanjose.wordcamp.org\/2018\/encuesta-speakers-1\/","url_meta":{"origin":8,"position":2},"title":"encuesta speakers 1","author":"remediosgraphic","date":"abril 23, 2018","format":false,"excerpt":"","rel":"","context":"Entrada similar","block_context":{"text":"Entrada similar","link":""},"img":{"alt_text":"","src":"https:\/\/i0.wp.com\/sanjose.wordcamp.org\/2018\/files\/2018\/03\/cropped-tixAsset-4.png?fit=600%2C600&resize=350%2C200#038;ssl=1","width":350,"height":200},"classes":[]},{"id":195,"url":"https:\/\/sanjose.wordcamp.org\/2018\/que-hacer-en-un-wordcamp\/","url_meta":{"origin":8,"position":3},"title":"\u00bfQu\u00e9 hacer en un WordCamp?","author":"remediosgraphic","date":"marzo 6, 2018","format":false,"excerpt":"El WordCamp San Jos\u00e9 es un evento anual en donde celebramos con toda la comunidad de WordPress Costa Rica, compartiremos las \u00faltimas novedades, tendencias, conocimientos y proyectos incre\u00edbles, todo esto gracias al aporte de los mejores speakers nacionales e internacionales. En el WCSJCR encontraras: Conocimiento Ser\u00e1n 42 charlas con temas\u2026","rel":"","context":"Entrada similar","block_context":{"text":"Entrada similar","link":""},"img":{"alt_text":"","src":"https:\/\/i0.wp.com\/sanjose.wordcamp.org\/2018\/files\/2018\/03\/logo.png?fit=1200%2C729&ssl=1&resize=350%2C200","width":350,"height":200,"srcset":"https:\/\/i0.wp.com\/sanjose.wordcamp.org\/2018\/files\/2018\/03\/logo.png?fit=1200%2C729&ssl=1&resize=350%2C200 1x, https:\/\/i0.wp.com\/sanjose.wordcamp.org\/2018\/files\/2018\/03\/logo.png?fit=1200%2C729&ssl=1&resize=525%2C300 1.5x, https:\/\/i0.wp.com\/sanjose.wordcamp.org\/2018\/files\/2018\/03\/logo.png?fit=1200%2C729&ssl=1&resize=700%2C400 2x, https:\/\/i0.wp.com\/sanjose.wordcamp.org\/2018\/files\/2018\/03\/logo.png?fit=1200%2C729&ssl=1&resize=1050%2C600 3x"},"classes":[]},{"id":176,"url":"https:\/\/sanjose.wordcamp.org\/2018\/programa\/llamado-a-sponsors\/","url_meta":{"origin":8,"position":4},"title":"Llamado a Sponsors","author":"remediosgraphic","date":"marzo 6, 2018","format":false,"excerpt":"Este ser\u00e1 nuestro tercer WordCamp en San Jos\u00e9 Costa Rica, se llevar\u00e1 a cabo los d\u00edas 21 y 22 de julio del a\u00f1o 2018. Los WordCamps son posibles gracias a los generosos patrocinadores, con este apoyo los boletos se mantienen en un rango de menos de $20 por d\u00eda. Entre\u2026","rel":"","context":"Entrada similar","block_context":{"text":"Entrada similar","link":""},"img":{"alt_text":"","src":"https:\/\/i0.wp.com\/sanjose.wordcamp.org\/2018\/files\/2018\/03\/cropped-tixAsset-4.png?fit=600%2C600&resize=350%2C200#038;ssl=1","width":350,"height":200},"classes":[]},{"id":1003,"url":"https:\/\/sanjose.wordcamp.org\/2018\/english\/call-to-speakers\/","url_meta":{"origin":8,"position":5},"title":"Call to Speakers","author":"remediosgraphic","date":"marzo 20, 2018","format":false,"excerpt":"Wordcamp San Jos\u00e9 2018 will take place on July 21 and 22 and we are on the search for the best speakers. This is our third Wordcamp and we want to keep reaping successes and good experiences. Do you have a topic that the WordPress community needs to hear? The\u2026","rel":"","context":"Entrada similar","block_context":{"text":"Entrada similar","link":""},"img":{"alt_text":"","src":"https:\/\/i0.wp.com\/sanjose.wordcamp.org\/2018\/files\/2018\/03\/cropped-tixAsset-4.png?fit=600%2C600&resize=350%2C200#038;ssl=1","width":350,"height":200},"classes":[]}],"jetpack_likes_enabled":true,"_links":{"self":[{"href":"https:\/\/sanjose.wordcamp.org\/2018\/wp-json\/wp\/v2\/pages\/8","targetHints":{"allow":["GET"]}}],"collection":[{"href":"https:\/\/sanjose.wordcamp.org\/2018\/wp-json\/wp\/v2\/pages"}],"about":[{"href":"https:\/\/sanjose.wordcamp.org\/2018\/wp-json\/wp\/v2\/types\/page"}],"author":[{"embeddable":true,"href":"https:\/\/sanjose.wordcamp.org\/2018\/wp-json\/wp\/v2\/users\/15118541"}],"replies":[{"embeddable":true,"href":"https:\/\/sanjose.wordcamp.org\/2018\/wp-json\/wp\/v2\/comments?post=8"}],"version-history":[{"count":3,"href":"https:\/\/sanjose.wordcamp.org\/2018\/wp-json\/wp\/v2\/pages\/8\/revisions"}],"predecessor-version":[{"id":1709,"href":"https:\/\/sanjose.wordcamp.org\/2018\/wp-json\/wp\/v2\/pages\/8\/revisions\/1709"}],"wp:attachment":[{"href":"https:\/\/sanjose.wordcamp.org\/2018\/wp-json\/wp\/v2\/media?parent=8"}],"curies":[{"name":"wp","href":"https:\/\/api.w.org\/{rel}","templated":true}]}}