{"id":90,"date":"2017-06-06T07:38:10","date_gmt":"2017-06-06T07:38:10","guid":{"rendered":"https:\/\/2017.sanjose.wordcamp.org\/?page_id=90"},"modified":"2017-06-20T02:26:56","modified_gmt":"2017-06-20T02:26:56","slug":"inicio","status":"publish","type":"page","link":"https:\/\/sanjose.wordcamp.org\/2017\/","title":{"rendered":"Inicio"},"content":{"rendered":"<h2>\u00a1Se acab\u00f3 la espera!, ya puedes reservar tu entrada para WordCamp San Jos\u00e9 2017<\/h2>\n<p>WordCamp San Jos\u00e9 es un evento oficial de WordPress, respaldado por la fundaci\u00f3n WordPress, los eventos se realizan a lo largo del mundo por comunidades locales, exigiendo a estas \u00a0est\u00e1ndares de calidad tanto en el contenido como en la organizaci\u00f3n.<\/p>\n<p>Tras mucho tiempo de preparaci\u00f3n la comunidad de WordPress San Jos\u00e9, Costa Rica, est\u00e1 feliz de anunciar que el WordCamp 2017 es oficialmente un hecho.<\/p>\n<div class=\"third\">\n<div class=\"iconFront\"><img data-recalc-dims=\"1\" loading=\"lazy\" decoding=\"async\" data-attachment-id=\"554\" data-permalink=\"https:\/\/sanjose.wordcamp.org\/2017\/inicio\/charlas\/\" data-orig-file=\"https:\/\/i0.wp.com\/sanjose.wordcamp.org\/2017\/files\/2017\/06\/Charlas.png?fit=569%2C518&amp;ssl=1\" data-orig-size=\"569,518\" data-comments-opened=\"1\" data-image-meta=\"{&quot;aperture&quot;:&quot;0&quot;,&quot;credit&quot;:&quot;&quot;,&quot;camera&quot;:&quot;&quot;,&quot;caption&quot;:&quot;&quot;,&quot;created_timestamp&quot;:&quot;0&quot;,&quot;copyright&quot;:&quot;&quot;,&quot;focal_length&quot;:&quot;0&quot;,&quot;iso&quot;:&quot;0&quot;,&quot;shutter_speed&quot;:&quot;0&quot;,&quot;title&quot;:&quot;&quot;,&quot;orientation&quot;:&quot;0&quot;}\" data-image-title=\"Charlas\" data-image-description=\"\" data-image-caption=\"\" data-large-file=\"https:\/\/i0.wp.com\/sanjose.wordcamp.org\/2017\/files\/2017\/06\/Charlas.png?fit=525%2C478&amp;ssl=1\" class=\"alignnone wp-image-554 size-medium\" src=\"https:\/\/i0.wp.com\/2017.sanjose.wordcamp.org\/files\/2017\/06\/Charlas-300x273.png?resize=300%2C273&#038;ssl=1\" alt=\"\" width=\"300\" height=\"273\" srcset=\"https:\/\/i0.wp.com\/sanjose.wordcamp.org\/2017\/files\/2017\/06\/Charlas.png?resize=300%2C273&amp;ssl=1 300w, https:\/\/i0.wp.com\/sanjose.wordcamp.org\/2017\/files\/2017\/06\/Charlas.png?resize=330%2C300&amp;ssl=1 330w, https:\/\/i0.wp.com\/sanjose.wordcamp.org\/2017\/files\/2017\/06\/Charlas.png?w=569&amp;ssl=1 569w\" sizes=\"auto, (max-width: 300px) 100vw, 300px\" \/><\/div>\n<h3>2 dias, 42 charlas.<\/h3>\n<\/div>\n<div class=\"third\">\n<div class=\"iconFront\"><img data-recalc-dims=\"1\" loading=\"lazy\" decoding=\"async\" data-attachment-id=\"553\" data-permalink=\"https:\/\/sanjose.wordcamp.org\/2017\/inicio\/calendario\/\" data-orig-file=\"https:\/\/i0.wp.com\/sanjose.wordcamp.org\/2017\/files\/2017\/06\/Calendario.png?fit=569%2C518&amp;ssl=1\" data-orig-size=\"569,518\" data-comments-opened=\"1\" data-image-meta=\"{&quot;aperture&quot;:&quot;0&quot;,&quot;credit&quot;:&quot;&quot;,&quot;camera&quot;:&quot;&quot;,&quot;caption&quot;:&quot;&quot;,&quot;created_timestamp&quot;:&quot;0&quot;,&quot;copyright&quot;:&quot;&quot;,&quot;focal_length&quot;:&quot;0&quot;,&quot;iso&quot;:&quot;0&quot;,&quot;shutter_speed&quot;:&quot;0&quot;,&quot;title&quot;:&quot;&quot;,&quot;orientation&quot;:&quot;0&quot;}\" data-image-title=\"Calendario\" data-image-description=\"\" data-image-caption=\"\" data-large-file=\"https:\/\/i0.wp.com\/sanjose.wordcamp.org\/2017\/files\/2017\/06\/Calendario.png?fit=525%2C478&amp;ssl=1\" class=\"alignnone wp-image-553 size-medium\" src=\"https:\/\/i0.wp.com\/2017.sanjose.wordcamp.org\/files\/2017\/06\/Calendario-300x273.png?resize=300%2C273&#038;ssl=1\" alt=\"\" width=\"300\" height=\"273\" srcset=\"https:\/\/i0.wp.com\/sanjose.wordcamp.org\/2017\/files\/2017\/06\/Calendario.png?resize=300%2C273&amp;ssl=1 300w, https:\/\/i0.wp.com\/sanjose.wordcamp.org\/2017\/files\/2017\/06\/Calendario.png?resize=330%2C300&amp;ssl=1 330w, https:\/\/i0.wp.com\/sanjose.wordcamp.org\/2017\/files\/2017\/06\/Calendario.png?w=569&amp;ssl=1 569w\" sizes=\"auto, (max-width: 300px) 100vw, 300px\" \/><\/div>\n<h3>S\u00e1bado 2 y domingo 3 de Septiembre del 2017.<\/h3>\n<\/div>\n<div class=\"third\">\n<div class=\"iconFront\"><img data-recalc-dims=\"1\" loading=\"lazy\" decoding=\"async\" data-attachment-id=\"557\" data-permalink=\"https:\/\/sanjose.wordcamp.org\/2017\/inicio\/location-2\/\" data-orig-file=\"https:\/\/i0.wp.com\/sanjose.wordcamp.org\/2017\/files\/2017\/06\/Location.png?fit=569%2C518&amp;ssl=1\" data-orig-size=\"569,518\" data-comments-opened=\"1\" data-image-meta=\"{&quot;aperture&quot;:&quot;0&quot;,&quot;credit&quot;:&quot;&quot;,&quot;camera&quot;:&quot;&quot;,&quot;caption&quot;:&quot;&quot;,&quot;created_timestamp&quot;:&quot;0&quot;,&quot;copyright&quot;:&quot;&quot;,&quot;focal_length&quot;:&quot;0&quot;,&quot;iso&quot;:&quot;0&quot;,&quot;shutter_speed&quot;:&quot;0&quot;,&quot;title&quot;:&quot;&quot;,&quot;orientation&quot;:&quot;0&quot;}\" data-image-title=\"Location\" data-image-description=\"\" data-image-caption=\"\" data-large-file=\"https:\/\/i0.wp.com\/sanjose.wordcamp.org\/2017\/files\/2017\/06\/Location.png?fit=525%2C478&amp;ssl=1\" class=\"alignnone wp-image-557 size-medium\" src=\"https:\/\/i0.wp.com\/2017.sanjose.wordcamp.org\/files\/2017\/06\/Location-300x273.png?resize=300%2C273&#038;ssl=1\" alt=\"\" width=\"300\" height=\"273\" srcset=\"https:\/\/i0.wp.com\/sanjose.wordcamp.org\/2017\/files\/2017\/06\/Location.png?resize=300%2C273&amp;ssl=1 300w, https:\/\/i0.wp.com\/sanjose.wordcamp.org\/2017\/files\/2017\/06\/Location.png?resize=330%2C300&amp;ssl=1 330w, https:\/\/i0.wp.com\/sanjose.wordcamp.org\/2017\/files\/2017\/06\/Location.png?w=569&amp;ssl=1 569w\" sizes=\"auto, (max-width: 300px) 100vw, 300px\" \/><\/div>\n<h3>Universidad Latina de Costa Rica en el campus de San Pedro.<\/h3>\n<\/div>\n<div class=\"clear\"><\/div>\n<p>\u201cEsta es la segunda vez que se celebra un WordCamp en San Jos\u00e9. Gracias a ello, podremos intercambiar conocimientos, crear redes de contactos, divertirnos y hacer nuevas amistades.\u201d<\/p>\n","protected":false},"excerpt":{"rendered":"<p>\u00a1Se acab\u00f3 la espera!, ya puedes reservar tu entrada para WordCamp San Jos\u00e9 2017 WordCamp San Jos\u00e9 es un evento oficial de WordPress, respaldado por la fundaci\u00f3n WordPress, los eventos se realizan a lo largo del mundo por comunidades locales, exigiendo a estas \u00a0est\u00e1ndares de calidad tanto en el contenido como en la organizaci\u00f3n. Tras &hellip; <\/p>\n<p class=\"link-more\"><a href=\"https:\/\/sanjose.wordcamp.org\/2017\/\" class=\"more-link\">Continuar leyendo<span class=\"screen-reader-text\"> \u00abInicio\u00bb<\/span><\/a><\/p>\n","protected":false},"author":319559,"featured_media":0,"parent":0,"menu_order":0,"comment_status":"closed","ping_status":"closed","template":"","meta":{"_crdt_document":"","jetpack_post_was_ever_published":false,"footnotes":""},"class_list":["post-90","page","type-page","status-publish","hentry"],"jetpack_sharing_enabled":true,"jetpack_shortlink":"https:\/\/wp.me\/P8zBjl-1s","jetpack-related-posts":[{"id":13,"url":"https:\/\/sanjose.wordcamp.org\/2017\/tickets\/","url_meta":{"origin":90,"position":0},"title":"Tickets","author":"elpuas","date":"junio 21, 2017","format":false,"excerpt":"Entradas Costo de la Entrada: $30 Tickets Agotados\/ Sold Out Incluye: Dos d\u00edas de conferencias #WCSJO (S\u00e1bado y Domingo) Alimentaci\u00f3n (almuerzo, caf\u00e9 y snacks) Entrada a la fiesta Wordcamp San Jos\u00e9, Costa Rica 2017 \u00a0Camiseta y regalos promocionales. ( Las camisetas s\u00f3lo se garantizan si el boleto se compra antes\u2026","rel":"","context":"Entrada similar","block_context":{"text":"Entrada similar","link":""},"img":{"alt_text":"","src":"https:\/\/i0.wp.com\/sanjose.wordcamp.org\/2017\/files\/2017\/05\/cropped-cropped-logoWordCampSJ2017.png?fit=512%2C512&resize=350%2C200#038;ssl=1","width":350,"height":200},"classes":[]},{"id":155,"url":"https:\/\/sanjose.wordcamp.org\/2017\/codigo-de-conducta\/","url_meta":{"origin":90,"position":1},"title":"C\u00f3digo de Conducta","author":"remediosgraphic","date":"junio 11, 2017","format":false,"excerpt":"Prop\u00f3sito WordCamp San Jos\u00e9, Costa Rica cree que nuestra comunidad debe estar abierta para todo el mundo. Como tal, estamos comprometidos a proporcionar un ambiente agradable, seguro y acogedor para todos, independientemente de su sexo, orientaci\u00f3n sexual, discapacidad, etnia, religi\u00f3n, sistema operativo preferido, lenguaje de programaci\u00f3n o editor de texto.\u2026","rel":"","context":"Entrada similar","block_context":{"text":"Entrada similar","link":""},"img":{"alt_text":"","src":"https:\/\/i0.wp.com\/sanjose.wordcamp.org\/2017\/files\/2017\/05\/cropped-cropped-logoWordCampSJ2017.png?fit=512%2C512&resize=350%2C200#038;ssl=1","width":350,"height":200},"classes":[]},{"id":2433,"url":"https:\/\/sanjose.wordcamp.org\/2017\/como-llegar-al-wordcamp-san-jose-2017\/","url_meta":{"origin":90,"position":2},"title":"\u00bfC\u00f3mo llegar al Wordcamp San Jos\u00e9 2017?","author":"Lidia Arroyo Vargas","date":"agosto 30, 2017","format":false,"excerpt":"WordCamp San Jos\u00e9 2017 se celebrar\u00e1 en el edificio C de\u00a0 la Universidad Latina, a continuaci\u00f3n tienes toda la informaci\u00f3n de su localizaci\u00f3n y c\u00f3mo llegar. Direcci\u00f3n: 100 mts norte de Mu\u00f1oz y Nanne en Lourdes Montes de Oca San Pedro, San Jose, Costa Rica C\u00f3mo llegar: Autobus: Santa Marta\/San\u2026","rel":"","context":"Entrada similar","block_context":{"text":"Entrada similar","link":""},"img":{"alt_text":"","src":"https:\/\/i0.wp.com\/2017.sanjose.wordcamp.org\/files\/2017\/08\/Imagen-1-1024x588.png?resize=350%2C200&ssl=1","width":350,"height":200,"srcset":"https:\/\/i0.wp.com\/2017.sanjose.wordcamp.org\/files\/2017\/08\/Imagen-1-1024x588.png?resize=350%2C200&ssl=1 1x, https:\/\/i0.wp.com\/2017.sanjose.wordcamp.org\/files\/2017\/08\/Imagen-1-1024x588.png?resize=525%2C300&ssl=1 1.5x, https:\/\/i0.wp.com\/2017.sanjose.wordcamp.org\/files\/2017\/08\/Imagen-1-1024x588.png?resize=700%2C400&ssl=1 2x"},"classes":[]},{"id":173,"url":"https:\/\/sanjose.wordcamp.org\/2017\/que-hacer-en-un-wordcamp\/","url_meta":{"origin":90,"position":3},"title":"\u00bfQu\u00e9 hacer en un WordCamp?","author":"remediosgraphic","date":"junio 11, 2017","format":false,"excerpt":"\u00bfQu\u00e9 hacer en un WordCamp? En\u00a0WCSJCR\u00a0podr\u00e1s aprender de los mejores, tendremos grandes speakers (incluso internacionales y developers del core de WordPress) que nos ense\u00f1ar\u00e1n las \u00faltimas novedades de WordPress y proyectos incre\u00edbles que se pueden realizar. En el WordCamp San Jos\u00e9 encontrar\u00e1s: Conocimiento 42 charlas\u00a0 con temas como JavaScript, PHP,\u2026","rel":"","context":"Entrada similar","block_context":{"text":"Entrada similar","link":""},"img":{"alt_text":"","src":"https:\/\/i0.wp.com\/sanjose.wordcamp.org\/2017\/files\/2017\/06\/cielo2.jpg?fit=960%2C720&ssl=1&resize=350%2C200","width":350,"height":200,"srcset":"https:\/\/i0.wp.com\/sanjose.wordcamp.org\/2017\/files\/2017\/06\/cielo2.jpg?fit=960%2C720&ssl=1&resize=350%2C200 1x, https:\/\/i0.wp.com\/sanjose.wordcamp.org\/2017\/files\/2017\/06\/cielo2.jpg?fit=960%2C720&ssl=1&resize=525%2C300 1.5x, https:\/\/i0.wp.com\/sanjose.wordcamp.org\/2017\/files\/2017\/06\/cielo2.jpg?fit=960%2C720&ssl=1&resize=700%2C400 2x"},"classes":[]},{"id":2041,"url":"https:\/\/sanjose.wordcamp.org\/2017\/vip-dinner\/","url_meta":{"origin":90,"position":4},"title":"VIP dinner","author":"remediosgraphic","date":"agosto 15, 2017","format":false,"excerpt":"Queremos invitarte a compartir un rato antes del evento a la cena de voluntarios, speakers y sponsors, la misma se realizar\u00e1 el viernes 1 de septiembre a las 7:00pm en el restaurante Tin-Jo (Sal\u00f3n Bamb\u00fa, frente al teatro lucho barahona. Calle 11, ave 6 y 8, San Jos\u00e9.), el lugar\u2026","rel":"","context":"Entrada similar","block_context":{"text":"Entrada similar","link":""},"img":{"alt_text":"","src":"https:\/\/i0.wp.com\/sanjose.wordcamp.org\/2017\/files\/2017\/05\/cropped-cropped-logoWordCampSJ2017.png?fit=512%2C512&resize=350%2C200#038;ssl=1","width":350,"height":200},"classes":[]},{"id":11,"url":"https:\/\/sanjose.wordcamp.org\/2017\/location\/","url_meta":{"origin":90,"position":5},"title":"Venue","author":"elpuas","date":"marzo 31, 2017","format":false,"excerpt":"La Universidad Latina de Costa Rica es una de las pioneras en el desarrollo de la Educaci\u00f3n Superior Privada en el pa\u00eds. Forma parte de la red de universidades m\u00e1s grande a nivel mundial denominada Laureate International Universities, la cual le permite tener contacto con m\u00e1s de 80 universidades e\u2026","rel":"","context":"Entrada similar","block_context":{"text":"Entrada similar","link":""},"img":{"alt_text":"","src":"https:\/\/i0.wp.com\/2017.sanjose.wordcamp.org\/files\/2017\/03\/WhatsApp-Image-2017-06-15-at-3.40.01-PM.jpeg?resize=350%2C200&ssl=1","width":350,"height":200,"srcset":"https:\/\/i0.wp.com\/2017.sanjose.wordcamp.org\/files\/2017\/03\/WhatsApp-Image-2017-06-15-at-3.40.01-PM.jpeg?resize=350%2C200&ssl=1 1x, https:\/\/i0.wp.com\/2017.sanjose.wordcamp.org\/files\/2017\/03\/WhatsApp-Image-2017-06-15-at-3.40.01-PM.jpeg?resize=525%2C300&ssl=1 1.5x, https:\/\/i0.wp.com\/2017.sanjose.wordcamp.org\/files\/2017\/03\/WhatsApp-Image-2017-06-15-at-3.40.01-PM.jpeg?resize=700%2C400&ssl=1 2x, https:\/\/i0.wp.com\/2017.sanjose.wordcamp.org\/files\/2017\/03\/WhatsApp-Image-2017-06-15-at-3.40.01-PM.jpeg?resize=1050%2C600&ssl=1 3x"},"classes":[]}],"jetpack_likes_enabled":true,"_links":{"self":[{"href":"https:\/\/sanjose.wordcamp.org\/2017\/wp-json\/wp\/v2\/pages\/90","targetHints":{"allow":["GET"]}}],"collection":[{"href":"https:\/\/sanjose.wordcamp.org\/2017\/wp-json\/wp\/v2\/pages"}],"about":[{"href":"https:\/\/sanjose.wordcamp.org\/2017\/wp-json\/wp\/v2\/types\/page"}],"author":[{"embeddable":true,"href":"https:\/\/sanjose.wordcamp.org\/2017\/wp-json\/wp\/v2\/users\/319559"}],"replies":[{"embeddable":true,"href":"https:\/\/sanjose.wordcamp.org\/2017\/wp-json\/wp\/v2\/comments?post=90"}],"version-history":[{"count":17,"href":"https:\/\/sanjose.wordcamp.org\/2017\/wp-json\/wp\/v2\/pages\/90\/revisions"}],"predecessor-version":[{"id":559,"href":"https:\/\/sanjose.wordcamp.org\/2017\/wp-json\/wp\/v2\/pages\/90\/revisions\/559"}],"wp:attachment":[{"href":"https:\/\/sanjose.wordcamp.org\/2017\/wp-json\/wp\/v2\/media?parent=90"}],"curies":[{"name":"wp","href":"https:\/\/api.w.org\/{rel}","templated":true}]}}